{"id":215,"date":"2015-05-17T16:15:41","date_gmt":"2015-05-17T16:15:41","guid":{"rendered":"http:\/\/www.aulablog.com\/blog\/encuentro11\/?page_id=215"},"modified":"2016-05-18T10:05:22","modified_gmt":"2016-05-18T10:05:22","slug":"area-m-learning","status":"publish","type":"page","link":"https:\/\/www.aulablog.com\/blog\/encuentro11\/area-m-learning\/","title":{"rendered":"\u00c1rea de m-learning"},"content":{"rendered":"<p>[et_pb_section admin_label=\u00bbsection\u00bb fullwidth=\u00bboff\u00bb specialty=\u00bboff\u00bb][et_pb_row admin_label=\u00bbrow\u00bb][et_pb_column type=\u00bb1_3&#8243;][et_pb_text admin_label=\u00bbTexto\u00bb background_layout=\u00bblight\u00bb text_orientation=\u00bbleft\u00bb] <img loading=\"lazy\" decoding=\"async\" class=\"aligncenter wp-image-300 size-full\" src=\"https:\/\/www.aulablog.com\/blog\/encuentro11\/files\/2015\/05\/AREAMLEARNING.jpg\" alt=\"AREAMLEARNING\" width=\"800\" height=\"566\" srcset=\"https:\/\/www.aulablog.com\/blog\/encuentro11\/files\/2015\/05\/AREAMLEARNING.jpg 800w, https:\/\/www.aulablog.com\/blog\/encuentro11\/files\/2015\/05\/AREAMLEARNING-300x212.jpg 300w, https:\/\/www.aulablog.com\/blog\/encuentro11\/files\/2015\/05\/AREAMLEARNING-400x284.jpg 400w\" sizes=\"(max-width: 800px) 100vw, 800px\" \/> [\/et_pb_text][\/et_pb_column][et_pb_column type=\u00bb2_3&#8243;][et_pb_text admin_label=\u00bbTexto\u00bb background_layout=\u00bblight\u00bb text_orientation=\u00bbleft\u00bb]<\/p>\n<div class=\"et_pb_slide_content\">\n<p style=\"text-align: justify;\">\u00bfQuieres aprender nuevas apps para usar en tu clase? \u00bfTe atreves a jugar con nosotros y participar en un gymkana por todo el centro usando tu m\u00f3vil? \u00a0Si es as\u00ed, este es tu lugar. Aqu\u00ed todo lo haremos con un m\u00f3vil o tableta en las manos: m-learning, apps, realidad aumentada, video, radio\u2026 existe\u00a0una app para \u201ccasi\u201d todo<\/p>\n<p style=\"text-align: justify;\">Siempre hay nuevos m\u00e9todos, nuevas tendencias, nuevas metodolog\u00edas o simplemente una revisi\u00f3n actualizada de lo anterior. En este espacio nos acercaremos a temas como los paisajes de aprendizaje, el flipped classroom o los portfolios. Hay que estar atentos a lo que hacen otros\u00a0\u00bfno te parece?<\/p>\n<p style=\"text-align: justify;\">\u00bfLo descubrimos juntos?<\/p>\n<\/div>\n<p>[\/et_pb_text][\/et_pb_column][\/et_pb_row][\/et_pb_section][et_pb_section admin_label=\u00bbsection\u00bb fullwidth=\u00bbon\u00bb specialty=\u00bboff\u00bb transparent_background=\u00bboff\u00bb background_color=\u00bb#1e73be\u00bb allow_player_pause=\u00bboff\u00bb inner_shadow=\u00bboff\u00bb parallax=\u00bboff\u00bb parallax_method=\u00bboff\u00bb][et_pb_fullwidth_header admin_label=\u00bbT\u00edtulo de anchura completa\u00bb title=\u00bbTALLERES: M-LEARNING\u00bb subhead=\u00bb\u00c1rea tecnol\u00f3gica\u00bb background_layout=\u00bbdark\u00bb text_orientation=\u00bbcenter\u00bb] [\/et_pb_fullwidth_header][\/et_pb_section][et_pb_section admin_label=\u00bbsection\u00bb fullwidth=\u00bboff\u00bb specialty=\u00bboff\u00bb transparent_background=\u00bboff\u00bb background_color=\u00bb#ffffff\u00bb allow_player_pause=\u00bboff\u00bb inner_shadow=\u00bboff\u00bb parallax=\u00bboff\u00bb parallax_method=\u00bboff\u00bb disabled_on=\u00bboff|off|off\u00bb disabled=\u00bboff\u00bb padding_mobile=\u00bboff\u00bb make_fullwidth=\u00bboff\u00bb use_custom_width=\u00bboff\u00bb width_unit=\u00bbon\u00bb make_equal=\u00bboff\u00bb use_custom_gutter=\u00bboff\u00bb][et_pb_row admin_label=\u00bbrow\u00bb][et_pb_column type=\u00bb1_4&#8243;][et_pb_blurb admin_label=\u00bbAnuncio\u00bb title=\u00bbExplain Everything \u201cAprender &amp; Cooperar\u201d\u00bb url_new_window=\u00bboff\u00bb use_icon=\u00bbon\u00bb font_icon=\u00bbR\u00bb icon_color=\u00bb#ffffff\u00bb use_circle=\u00bbon\u00bb circle_color=\u00bb#e09900&#8243; use_circle_border=\u00bbon\u00bb circle_border_color=\u00bb#ffffff\u00bb icon_placement=\u00bbtop\u00bb animation=\u00bbtop\u00bb background_layout=\u00bblight\u00bb text_orientation=\u00bbleft\u00bb use_icon_font_size=\u00bboff\u00bb use_border_color=\u00bboff\u00bb border_color=\u00bb#ffffff\u00bb border_style=\u00bbsolid\u00bb]<\/p>\n<div class='et-learn-more et-open clearfix'>\n\t\t\t\t\t<h3 class='heading-more open'>Descripci\u00f3n<span class='et_learnmore_arrow'><span><\/span><\/span><\/h3>\n\t\t\t\t\t<div class='learn-more-content'><span style=\"color: #3366ff;\"><strong>Viernes 8 de julio de 18:00 a 20:00<\/strong><\/span><\/p>\n<p>&nbsp;<\/p>\n<p>&nbsp;<\/p>\n<p>&nbsp;<\/p>\n<p>El taller pretende mostrar la aplicabilidad de Apps tipo Screencast (Explain Everything, educreations\u2026).<\/p>\n<p>Se transmitir\u00e1 adem\u00e1s del uso de la app, una metodolog\u00eda cooperativa para: Formar grupos base, enlazar con ideas previas y desarrollar una sesi\u00f3n (Grupo de expertos).<\/p>\n<p>El taller m\u00e1s detallado <a href=\"https:\/\/docs.google.com\/document\/d\/1F7Lcae0A4_shv6Xba2w0peRL1iGgatWXp48HCKBjUzo\/edit?ts=5721e51e#\">en este enlace<\/a><\/p>\n<a href='#' class='small-button smallblue'>Chema Gonz\u00e1lez<\/a>\n<p style=\"text-align: justify;\"><\/div>\n\t\t\t\t<\/div>\n<p>[\/et_pb_blurb][\/et_pb_column][et_pb_column type=\u00bb1_4&#8243;][et_pb_blurb admin_label=\u00bbAnuncio\u00bb url_new_window=\u00bboff\u00bb use_icon=\u00bbon\u00bb font_icon=\u00bb%%96%%\u00bb icon_color=\u00bb#ffffff\u00bb use_circle=\u00bbon\u00bb circle_color=\u00bb#e09900&#8243; use_circle_border=\u00bbon\u00bb circle_border_color=\u00bb#ffffff\u00bb icon_placement=\u00bbtop\u00bb animation=\u00bbtop\u00bb background_layout=\u00bblight\u00bb text_orientation=\u00bbleft\u00bb title=\u00bbViaje al Universo Apps\u00bb use_icon_font_size=\u00bboff\u00bb use_border_color=\u00bboff\u00bb border_color=\u00bb#ffffff\u00bb border_style=\u00bbsolid\u00bb]<\/p>\n<div class='et-learn-more clearfix'>\n\t\t\t\t\t<h3 class='heading-more'>Descripci\u00f3n<span class='et_learnmore_arrow'><span><\/span><\/span><\/h3>\n\t\t\t\t\t<div class='learn-more-content'><span style=\"color: #3366ff;\"><strong>S\u00e1bado 9 de julio de 9:30 a 11:30<\/strong> <\/span><\/p>\n<p>&nbsp;<\/p>\n<p>&nbsp;<\/p>\n<p>&nbsp;<\/p>\n<p>&nbsp;<\/p>\n<p>Quieres adentrarte en un universo de posibilidades? En el taller Viaje al Universo Apps experimentar\u00e1s diversas metodolog\u00edas emergentes como la gamificaci\u00f3n, el trabajo cooperativo, la creaci\u00f3n de artefactos digitales&#8230; Adem\u00e1s de descubrir aplicaciones m\u00f3viles para tu aula. Solo necesitas ganas de participar, iniciativa y un dispositivo m\u00f3vil, si no tienes lo ponemos nosotros y nosotras.<\/p>\n<a href='#' class='small-button smallblue'>Charo Fern\u00e1ndez Montse Poyatos<\/a>\n<p style=\"text-align: justify;\"><\/div>\n\t\t\t\t<\/div>\n<p>[\/et_pb_blurb][\/et_pb_column][et_pb_column type=\u00bb1_4&#8243;][et_pb_blurb admin_label=\u00bbAnuncio\u00bb url_new_window=\u00bboff\u00bb use_icon=\u00bbon\u00bb font_icon=\u00bb%%99%%\u00bb icon_color=\u00bb#ffffff\u00bb use_circle=\u00bbon\u00bb circle_color=\u00bb#e09900&#8243; use_circle_border=\u00bbon\u00bb circle_border_color=\u00bb#ffffff\u00bb icon_placement=\u00bbtop\u00bb animation=\u00bbtop\u00bb background_layout=\u00bblight\u00bb text_orientation=\u00bbleft\u00bb title=\u00bbPaisajes de aprendizaje\u00bb use_icon_font_size=\u00bboff\u00bb use_border_color=\u00bboff\u00bb border_color=\u00bb#ffffff\u00bb border_style=\u00bbsolid\u00bb]<\/p>\n<div class='et-learn-more clearfix'>\n\t\t\t\t\t<h3 class='heading-more'>Descripci\u00f3n<span class='et_learnmore_arrow'><span><\/span><\/span><\/h3>\n\t\t\t\t\t<div class='learn-more-content'><span style=\"color: #3366ff;\"><strong>S\u00e1bado 9 de julio de 12:00 a 14:00<\/strong> <\/span><\/p>\n<p>&nbsp;<\/p>\n<p>&nbsp;<\/p>\n<p>&nbsp;<\/p>\n<p style=\"text-align: justify;\"><a href='#' class='small-button smallblue'>Charo Fern\u00e1ndez<\/a><\/p>\n<p style=\"text-align: justify;\"><\/div>\n\t\t\t\t<\/div>\n<p style=\"text-align: justify;\">\n<p>[\/et_pb_blurb][\/et_pb_column][et_pb_column type=\u00bb1_4&#8243;][et_pb_blurb admin_label=\u00bbAnuncio\u00bb title=\u00bbProgramar Paletas de InteligenciAPPS\u00bb url_new_window=\u00bboff\u00bb use_icon=\u00bbon\u00bb font_icon=\u00bb\ue007\u00bb icon_color=\u00bb#ffffff\u00bb use_circle=\u00bbon\u00bb circle_color=\u00bb#e09900&#8243; use_circle_border=\u00bbon\u00bb circle_border_color=\u00bb#ffffff\u00bb icon_placement=\u00bbtop\u00bb animation=\u00bbtop\u00bb background_layout=\u00bblight\u00bb text_orientation=\u00bbleft\u00bb use_icon_font_size=\u00bboff\u00bb use_border_color=\u00bboff\u00bb border_color=\u00bb#ffffff\u00bb border_style=\u00bbsolid\u00bb]<\/p>\n<div class='et-learn-more clearfix'>\n\t\t\t\t\t<h3 class='heading-more'>Descripci\u00f3n<span class='et_learnmore_arrow'><span><\/span><\/span><\/h3>\n\t\t\t\t\t<div class='learn-more-content'><span style=\"color: #3366ff;\"><strong>S\u00e1bado 9 de julio de 16:30 a 18:30<\/strong><\/span><\/p>\n<p>&nbsp;<\/p>\n<p>En este taller se pretende ense\u00f1ar a programar una secuencia did\u00e1ctica o unidad contemplando la Teor\u00eda de las Inteligencias M\u00faltiples y la integraci\u00f3n de la tecnolog\u00eda con uso de dispositivos m\u00f3viles. Pasando por una divertida metodolog\u00eda de aprendizaje podremos salir del taller con un enfoque de programaci\u00f3n novedoso que enriquecer\u00e1 nuestras ideas combinando metodolog\u00eda y tecnolog\u00eda.<\/p>\n<p>Est\u00e1 indicado para profesores de cualquier etapa educativa que quieran aprender a integrar los dispositivos m\u00f3viles en el aula de forma sencilla y con una justificaci\u00f3n did\u00e1ctica.<\/p>\n<p>Se pueden traer sus propios dispositivos m\u00f3viles, pero para facilitar la din\u00e1mica del taller se contar\u00e1 con una dotaci\u00f3n de iPads pero la mayor parte del taller no ser\u00e1n especialmente importantes. Las aplicaciones que utilizaremos ser\u00e1n muy variadas y centradas en la creaci\u00f3n de artefactos digitales.<\/p>\n<p style=\"text-align: justify;\"><a href='#' class='small-button smallblue'>Javier Monteagudo y C\u00e9sar Poyatos<\/a><\/p>\n<p style=\"text-align: justify;\"><\/div>\n\t\t\t\t<\/div>\n<p style=\"text-align: justify;\">\n<p>[\/et_pb_blurb][\/et_pb_column][\/et_pb_row][\/et_pb_section]<\/p>\n","protected":false},"excerpt":{"rendered":"<p>\u00bfQuieres aprender nuevas apps para usar en tu clase? \u00bfTe atreves a jugar con nosotros y participar en un gymkana por todo el centro usando tu m\u00f3vil? \u00a0Si es as\u00ed, este es tu lugar. Aqu\u00ed todo lo haremos con un m\u00f3vil o tableta en las manos: m-learning, apps, realidad aumentada, video, radio\u2026 existe\u00a0una app para [&hellip;]<\/p>\n","protected":false},"author":1,"featured_media":0,"parent":0,"menu_order":0,"comment_status":"open","ping_status":"closed","template":"","meta":{"_et_pb_use_builder":"on","_et_pb_old_content":"<p>[et_pb_section][et_pb_row][et_pb_column type=\"4_4\"][et_pb_countdown_timer admin_label=\"Temporizador de cuenta atr\u00e1s\" title=\"Estamos trabajando en los contenidos de este espacio\" date_time=\"05\/31\/2015 00:00\" background_layout=\"dark\" use_background_color=\"on\" background_color=\"#1e73be\" \/][\/et_pb_column][\/et_pb_row][\/et_pb_section]<\/p>","_et_gb_content_width":"","footnotes":""},"class_list":["post-215","page","type-page","status-publish","hentry"],"_links":{"self":[{"href":"https:\/\/www.aulablog.com\/blog\/encuentro11\/wp-json\/wp\/v2\/pages\/215","targetHints":{"allow":["GET"]}}],"collection":[{"href":"https:\/\/www.aulablog.com\/blog\/encuentro11\/wp-json\/wp\/v2\/pages"}],"about":[{"href":"https:\/\/www.aulablog.com\/blog\/encuentro11\/wp-json\/wp\/v2\/types\/page"}],"author":[{"embeddable":true,"href":"https:\/\/www.aulablog.com\/blog\/encuentro11\/wp-json\/wp\/v2\/users\/1"}],"replies":[{"embeddable":true,"href":"https:\/\/www.aulablog.com\/blog\/encuentro11\/wp-json\/wp\/v2\/comments?post=215"}],"version-history":[{"count":35,"href":"https:\/\/www.aulablog.com\/blog\/encuentro11\/wp-json\/wp\/v2\/pages\/215\/revisions"}],"predecessor-version":[{"id":737,"href":"https:\/\/www.aulablog.com\/blog\/encuentro11\/wp-json\/wp\/v2\/pages\/215\/revisions\/737"}],"wp:attachment":[{"href":"https:\/\/www.aulablog.com\/blog\/encuentro11\/wp-json\/wp\/v2\/media?parent=215"}],"curies":[{"name":"wp","href":"https:\/\/api.w.org\/{rel}","templated":true}]}}