{"id":219,"date":"2015-05-17T16:19:34","date_gmt":"2015-05-17T16:19:34","guid":{"rendered":"http:\/\/www.aulablog.com\/blog\/encuentro11\/?page_id=219"},"modified":"2016-06-25T09:09:35","modified_gmt":"2016-06-25T09:09:35","slug":"experiencias","status":"publish","type":"page","link":"https:\/\/www.aulablog.com\/blog\/encuentro11\/experiencias\/","title":{"rendered":"\u00c1rea de experiencias"},"content":{"rendered":"<p>[et_pb_section admin_label=\u00bbsection\u00bb][et_pb_row admin_label=\u00bbrow\u00bb][et_pb_column type=\u00bb1_3&#8243;][et_pb_text admin_label=\u00bbTexto\u00bb background_layout=\u00bblight\u00bb text_orientation=\u00bbleft\u00bb]<\/p>\n<p><img loading=\"lazy\" decoding=\"async\" class=\"aligncenter wp-image-299 size-full\" src=\"https:\/\/www.aulablog.com\/blog\/encuentro11\/files\/2015\/05\/EXPERIENCIAS.jpg\" alt=\"EXPERIENCIAS\" width=\"800\" height=\"566\" srcset=\"https:\/\/www.aulablog.com\/blog\/encuentro11\/files\/2015\/05\/EXPERIENCIAS.jpg 800w, https:\/\/www.aulablog.com\/blog\/encuentro11\/files\/2015\/05\/EXPERIENCIAS-300x212.jpg 300w, https:\/\/www.aulablog.com\/blog\/encuentro11\/files\/2015\/05\/EXPERIENCIAS-400x284.jpg 400w\" sizes=\"(max-width: 800px) 100vw, 800px\" \/><\/p>\n<p>[\/et_pb_text][\/et_pb_column][et_pb_column type=\u00bb2_3&#8243;][et_pb_text admin_label=\u00bbTexto\u00bb background_layout=\u00bblight\u00bb text_orientation=\u00bbleft\u00bb use_border_color=\u00bboff\u00bb border_color=\u00bb#ffffff\u00bb border_style=\u00bbsolid\u00bb]<\/p>\n<div class=\"et_pb_slide_content\">\n<p><strong>\u00bfCrees que tienes algo que contarnos?,<\/strong> \u00bfte gustar\u00eda compartir con unos compa\u00f1eros ,-as que est\u00e1n deseando conocer esa experiencia de la que sientes orgulloso, -sa?, \u00bfquieres disponer de un tiempo en el Encuentro para compartir con todos, -as esa experiencia que t\u00fa consideras memorable? Pues\u2026 sigue leyendo.<\/p>\n<p>&nbsp;<\/p>\n<p>En el espacio <strong>\u00c1rea de experiencias<\/strong> vamos a dar cabida a todas aquellas pr\u00e1cticas educativas que se llevan a cabo en el aula y que, por timidez, por verg\u00fcenza, por modestia no ven la luz, aunque estamos seguros de que son dignas de que otros compa\u00f1eros y compa\u00f1eras las conozcan y puedan aplicarlas tambi\u00e9n en su pr\u00e1ctica docente. Deja de un lado la pereza, la falsa modestia y mu\u00e9stranos tu trabajo diario, tus desvelos y tus esfuerzos para hacer una Educaci\u00f3n m\u00e1s viva, m\u00e1s cercana, m\u00e1s humana\u2026 Esta es una ocasi\u00f3n que ni pintiparada para mostrar lo que no sale de tu aula, pero que te hace sentir muy orgulloso, \u2013sa y que ahora quieres darlo a conocer.<\/p>\n<p>&nbsp;<\/p>\n<\/div>\n<p style=\"text-align: justify;\"><a href='' class='small-button smallblack'>Descubre como participar en la zona de experiencias<\/a> El \u00c1rea de Experiencias est\u00e1 completa<\/p>\n<p>&nbsp;<\/p>\n<p>[\/et_pb_text][\/et_pb_column][\/et_pb_row][\/et_pb_section][et_pb_section admin_label=\u00bbsection\u00bb fullwidth=\u00bboff\u00bb specialty=\u00bboff\u00bb transparent_background=\u00bboff\u00bb background_color=\u00bb#ffffff\u00bb allow_player_pause=\u00bboff\u00bb inner_shadow=\u00bboff\u00bb parallax=\u00bboff\u00bb parallax_method=\u00bboff\u00bb disabled_on=\u00bboff|off|off\u00bb disabled=\u00bboff\u00bb padding_mobile=\u00bboff\u00bb make_fullwidth=\u00bboff\u00bb use_custom_width=\u00bboff\u00bb width_unit=\u00bbon\u00bb make_equal=\u00bboff\u00bb use_custom_gutter=\u00bboff\u00bb][et_pb_row admin_label=\u00bbrow\u00bb make_fullwidth=\u00bboff\u00bb use_custom_width=\u00bboff\u00bb width_unit=\u00bbon\u00bb use_custom_gutter=\u00bboff\u00bb padding_mobile=\u00bboff\u00bb allow_player_pause=\u00bboff\u00bb parallax=\u00bboff\u00bb parallax_method=\u00bboff\u00bb make_equal=\u00bboff\u00bb parallax_1=\u00bboff\u00bb parallax_method_1=\u00bboff\u00bb parallax_2=\u00bboff\u00bb parallax_method_2=\u00bboff\u00bb parallax_3=\u00bboff\u00bb parallax_method_3=\u00bboff\u00bb parallax_4=\u00bboff\u00bb parallax_method_4=\u00bboff\u00bb column_padding_mobile=\u00bbon\u00bb][et_pb_column type=\u00bb1_4&#8243;][et_pb_blurb admin_label=\u00bbAnuncio\u00bb url_new_window=\u00bboff\u00bb use_icon=\u00bbon\u00bb font_icon=\u00bbv\u00bb icon_color=\u00bb#ffffff\u00bb use_circle=\u00bbon\u00bb circle_color=\u00bb#1e73be\u00bb use_circle_border=\u00bboff\u00bb circle_border_color=\u00bb#1e73be\u00bb icon_placement=\u00bbtop\u00bb animation=\u00bbtop\u00bb background_layout=\u00bblight\u00bb text_orientation=\u00bbcenter\u00bb use_icon_font_size=\u00bboff\u00bb use_border_color=\u00bboff\u00bb border_color=\u00bb#ffffff\u00bb border_style=\u00bbsolid\u00bb]<\/p>\n<p style=\"text-align: justify;\"><span style=\"color: #3366ff;\"><a style=\"color: #3366ff;\" href=\"http:\/\/es.wikipedia.org\/wiki\/PechaKucha\"><strong>Pecha-kucha<\/strong><\/a><\/span>: procedimiento muy sencillo, \u00e1gil y muy din\u00e1mico: 20 diapositivas mostradas durante 20 segundos cada una en un total de 6:40 minutos para contar tu proyecto.<\/p>\n<p>[\/et_pb_blurb][\/et_pb_column][et_pb_column type=\u00bb1_4&#8243;][et_pb_blurb admin_label=\u00bbAnuncio\u00bb url_new_window=\u00bboff\u00bb use_icon=\u00bbon\u00bb font_icon=\u00bb\ue08b\u00bb icon_color=\u00bb#ffffff\u00bb use_circle=\u00bbon\u00bb circle_color=\u00bb#dd9933&#8243; use_circle_border=\u00bboff\u00bb circle_border_color=\u00bb#1e73be\u00bb icon_placement=\u00bbtop\u00bb animation=\u00bbtop\u00bb background_layout=\u00bblight\u00bb text_orientation=\u00bbcenter\u00bb use_icon_font_size=\u00bboff\u00bb use_border_color=\u00bboff\u00bb border_color=\u00bb#ffffff\u00bb border_style=\u00bbsolid\u00bb]<\/p>\n<p style=\"text-align: justify;\"><span style=\"color: #3366ff;\"><strong>Taller\u00edzate, taller\u00edzame<\/strong><\/span>: taller pr\u00e1ctico con una experiencia que lleves a cabo en tu centro, en tu departamento y que sea relevante para toda la comunidad (explica en 15\/20 l\u00edneas el tema, contenidos, metodolog\u00eda y recursos necesarios).<\/p>\n<p style=\"text-align: justify;\"><strong>Tiempo m\u00e1ximo: 45 minutos.<\/strong><\/p>\n<p>[\/et_pb_blurb][\/et_pb_column][et_pb_column type=\u00bb1_4&#8243;][et_pb_blurb admin_label=\u00bbAnuncio\u00bb url_new_window=\u00bboff\u00bb use_icon=\u00bbon\u00bb font_icon=\u00bb\ue009\u00bb icon_color=\u00bb#ffffff\u00bb use_circle=\u00bbon\u00bb circle_color=\u00bb#1e73be\u00bb use_circle_border=\u00bboff\u00bb circle_border_color=\u00bb#1e73be\u00bb icon_placement=\u00bbtop\u00bb animation=\u00bbtop\u00bb background_layout=\u00bblight\u00bb text_orientation=\u00bbcenter\u00bb use_icon_font_size=\u00bboff\u00bb use_border_color=\u00bboff\u00bb border_color=\u00bb#ffffff\u00bb border_style=\u00bbsolid\u00bb]<\/p>\n<p style=\"text-align: justify;\"><span style=\"color: #3366ff;\"><strong>Quiero hablar de mi libro<\/strong><\/span>: presentaci\u00f3n de experiencias realizadas en tu centro, en tu departamento, en tu aula, entre centros, de los diferentes niveles educativos y diferentes materias curriculares. (explica en 15\/20 l\u00edneas el tema, contenidos, metodolog\u00eda y recursos necesarios).<\/p>\n<p style=\"text-align: justify;\"><strong> Tiempo m\u00e1ximo: 30 minutos<\/strong>.<\/p>\n<p>[\/et_pb_blurb][\/et_pb_column][et_pb_column type=\u00bb1_4&#8243;][et_pb_blurb admin_label=\u00bbAnuncio\u00bb url_new_window=\u00bboff\u00bb use_icon=\u00bbon\u00bb font_icon=\u00bb\ue602\u00bb icon_color=\u00bb#ffffff\u00bb use_circle=\u00bbon\u00bb circle_color=\u00bb#dd9933&#8243; use_circle_border=\u00bboff\u00bb circle_border_color=\u00bb#1e73be\u00bb icon_placement=\u00bbtop\u00bb animation=\u00bbtop\u00bb background_layout=\u00bblight\u00bb text_orientation=\u00bbcenter\u00bb use_icon_font_size=\u00bboff\u00bb use_border_color=\u00bboff\u00bb border_color=\u00bb#ffffff\u00bb border_style=\u00bbsolid\u00bb]<\/p>\n<p style=\"text-align: justify;\"><span style=\"color: #3366ff;\"><strong>Con red o sin red<\/strong><\/span>: cu\u00e9ntanos una experiencia sencilla que te haya funcionado este curso en el aula y que te gustar\u00eda compartir con todos nosotros, -as mediante un v\u00eddeo de You Tube, un hangout, un PPT o Prezi, un p\u00f3ster digital, un post en tu blog, un sites\u2026<\/p>\n<p style=\"text-align: justify;\"><strong>Tiempo m\u00e1ximo: 10 minutos.<\/strong><\/p>\n<p>[\/et_pb_blurb][\/et_pb_column][\/et_pb_row][et_pb_row admin_label=\u00bbrow\u00bb make_fullwidth=\u00bboff\u00bb use_custom_width=\u00bboff\u00bb width_unit=\u00bbon\u00bb use_custom_gutter=\u00bboff\u00bb padding_mobile=\u00bboff\u00bb allow_player_pause=\u00bboff\u00bb parallax=\u00bboff\u00bb parallax_method=\u00bboff\u00bb make_equal=\u00bboff\u00bb parallax_1=\u00bboff\u00bb parallax_method_1=\u00bboff\u00bb parallax_2=\u00bboff\u00bb parallax_method_2=\u00bboff\u00bb parallax_3=\u00bboff\u00bb parallax_method_3=\u00bboff\u00bb parallax_4=\u00bboff\u00bb parallax_method_4=\u00bboff\u00bb column_padding_mobile=\u00bbon\u00bb][et_pb_column type=\u00bb1_4&#8243;][et_pb_blurb admin_label=\u00bbAnuncio\u00bb title=\u00bbViernes d\u00eda 8 de julio de 18:00 a 20:00&#8243; url_new_window=\u00bboff\u00bb use_icon=\u00bboff\u00bb font_icon=\u00bbv\u00bb icon_color=\u00bb#ffffff\u00bb use_circle=\u00bbon\u00bb circle_color=\u00bb#e09900&#8243; use_circle_border=\u00bbon\u00bb circle_border_color=\u00bb#ffffff\u00bb icon_placement=\u00bbtop\u00bb animation=\u00bbtop\u00bb background_layout=\u00bblight\u00bb text_orientation=\u00bbleft\u00bb use_icon_font_size=\u00bboff\u00bb use_border_color=\u00bboff\u00bb border_color=\u00bb#ffffff\u00bb border_style=\u00bbsolid\u00bb]<\/p>\n<div class=\"page\" title=\"Page 1\">\n<div class=\"section\">\n<div class=\"layoutArea\">\n<div class=\"column\"><a href='#' class='small-button smallblue'>Atocha solidaria<\/a><strong>Silvia Docampo Capilla<\/strong>Etapa: Bachillerato<br \/>\nFormato: Quiero hablar de mi libroTema: Design Thinking<\/p>\n<\/div>\n<\/div>\n<\/div>\n<\/div>\n<div class=\"page\" title=\"Page 1\">\n<div class=\"section\">\n<div class=\"layoutArea\">\n<div class=\"column\">\n<p>&nbsp;<\/p>\n<a href='#' class='small-button smallblue'>Los Juegos del Hambre<\/a><\/div>\n<div class=\"column\"><strong>David Pineda<\/strong><\/div>\n<div class=\"column\">Etapa: Primaria<\/div>\n<div class=\"column\">Formato: Talleri\u0301zate<\/div>\n<div class=\"column\">\n<p>Tema: Gamificacio\u0301n, ABP<\/p>\n<\/div>\n<\/div>\n<\/div>\n<\/div>\n<p>&nbsp;<\/p>\n<div class=\"page\" title=\"Page 1\">\n<div class=\"section\">\n<div class=\"layoutArea\">\n<div class=\"column\"><a href='#' class='small-button smallblue'>Quiero un planeta<\/a><\/div>\n<div class=\"column\"><strong>Montse Poyatos<\/strong><\/div>\n<div class=\"column\">Etapa: Primaria<\/div>\n<div class=\"column\">Formato: Quiero hablar de mi libro<\/div>\n<div class=\"column\">\n<p>Tema: Reciclaje y TIC<\/p>\n<\/div>\n<p>&nbsp;<\/p>\n<\/div>\n<\/div>\n<\/div>\n<div class=\"page\" title=\"Page 1\">\n<div class=\"section\">\n<div class=\"layoutArea\">\n<div class=\"column\"><a href='#' class='small-button smallblue'>La tabla periodica: una nueva vision a lo largo de tres cursos<\/a><\/div>\n<div class=\"column\"><strong>Alexandra Prada Alonso<\/strong><\/div>\n<div class=\"column\">Etapa: Secundaria<\/div>\n<div class=\"column\">Formato: Pecha Kucha<\/div>\n<div class=\"column\">\n<p>Tema: Gamificacio\u0301n<\/p>\n<\/div>\n<\/div>\n<\/div>\n<\/div>\n<p>[\/et_pb_blurb][\/et_pb_column][et_pb_column type=\u00bb1_4&#8243;][et_pb_blurb admin_label=\u00bbAnuncio\u00bb title=\u00bbS\u00e1bado d\u00eda 9 de julio de 9:30 a 11:30&#8243; url_new_window=\u00bboff\u00bb use_icon=\u00bboff\u00bb font_icon=\u00bbv\u00bb icon_color=\u00bb#ffffff\u00bb use_circle=\u00bbon\u00bb circle_color=\u00bb#e09900&#8243; use_circle_border=\u00bbon\u00bb circle_border_color=\u00bb#ffffff\u00bb icon_placement=\u00bbtop\u00bb animation=\u00bbtop\u00bb background_layout=\u00bblight\u00bb text_orientation=\u00bbleft\u00bb use_icon_font_size=\u00bboff\u00bb use_border_color=\u00bboff\u00bb border_color=\u00bb#ffffff\u00bb border_style=\u00bbsolid\u00bb]<\/p>\n<div class=\"page\" title=\"Page 1\">\n<div class=\"section\">\n<div class=\"layoutArea\">\n<div class=\"column\">\n<p><strong><a href='#' class='small-button smallblue'>Inteligencia Emocional a trave\u0301s de Chi Kung<\/a> <\/strong><\/p>\n<p><strong>Adela Camacho<\/strong><\/p>\n<p>Etapa: Bachillerato<br \/>\nFormato: Quiero hablar de mi libro<\/p>\n<p>Tema: Inteligencia emocional<\/p>\n<\/div>\n<\/div>\n<\/div>\n<\/div>\n<div class=\"page\" title=\"Page 1\">\n<div class=\"section\">\n<div class=\"layoutArea\">\n<div class=\"column\">\n<div class=\"page\" title=\"Page 1\">\n<div class=\"section\">\n<div class=\"layoutArea\">\n<div class=\"column\">\n<p>&nbsp;<\/p>\n<\/div>\n<\/div>\n<\/div>\n<\/div>\n<p><a href='#' class='small-button smallblue'>El booktra\u0301iler como estrategia de animacio\u0301n a la lectura<\/a><strong>Adela Ferna\u0301ndez, Marimar P\u00e9rez, Irene Gonz\u00e1lez<\/strong><\/div>\n<div class=\"column\"><\/div>\n<div class=\"column\">\n<p>Etapa: Secundaria<\/p>\n<p>Formato: Pecha Kucha<\/p>\n<p>Tema: Lectura<\/p>\n<\/div>\n<\/div>\n<\/div>\n<\/div>\n<p>&nbsp;<\/p>\n<div class=\"page\" title=\"Page 1\">\n<div class=\"section\">\n<div class=\"layoutArea\">\n<div class=\"column\"><a href='#' class='small-button smallblue'>Stop Motion&amp;Video<\/a><\/div>\n<div class=\"column\">\n<p><strong>Javier Barba<\/strong><\/p>\n<p>Etapa: Primaria<\/p>\n<p>Formato: Taller\u00edzate<\/p>\n<p>Tema: Multimedia<\/p>\n<\/div>\n<\/div>\n<\/div>\n<\/div>\n<div class=\"page\" title=\"Page 1\">\n<div class=\"section\">\n<div class=\"layoutArea\">\n<div class=\"column\">\n<p>&nbsp;<\/p>\n<\/div>\n<\/div>\n<\/div>\n<\/div>\n<div class=\"page\" title=\"Page 1\">\n<div class=\"section\">\n<div class=\"layoutArea\">\n<div class=\"column\"><a href='#' class='small-button smallblue'>Experimentamos con \u00abE\u0301ric el cienti\u0301fico\u00bb<\/a><strong>Vanesa Mari\u0301n<\/strong><\/div>\n<div class=\"column\"><\/div>\n<div class=\"column\">\n<p>Etapa: Primaria<\/p>\n<p>Formato: Con red<\/p>\n<p>Tema: Experimentos<\/p>\n<\/div>\n<\/div>\n<\/div>\n<\/div>\n<p>&nbsp;<\/p>\n<div class=\"page\" title=\"Page 1\">\n<div class=\"section\">\n<div class=\"layoutArea\">\n<div class=\"column\"><a href='#' class='small-button smallblue'>Albu\u0301m de experiencias Service\u00adLearning (Aprendizaje \u00adServicio)<\/a><\/p>\n<div class=\"page\" title=\"Page 1\">\n<div class=\"section\">\n<div class=\"layoutArea\">\n<div class=\"column\">\n<p><strong>Maria Carmen Requena Herna\u0301ndez, Mari\u0301a Plaza Carmona, Francisco Salto Alemany y Paula A\u0301lvarez Merino<\/strong><\/p>\n<p>Etapa: Universidad<\/p>\n<p>Formato: He venido a hablar de mi libro<\/p>\n<p>Tema: Aprendizaje\u00ad servicio<\/p>\n<\/div>\n<\/div>\n<\/div>\n<\/div>\n<\/div>\n<\/div>\n<\/div>\n<\/div>\n<p>[\/et_pb_blurb][\/et_pb_column][et_pb_column type=\u00bb1_4&#8243;][et_pb_blurb admin_label=\u00bbAnuncio\u00bb title=\u00bbS\u00e1bado 9 de julio de 12:00 a 14:00&#8243; url_new_window=\u00bboff\u00bb use_icon=\u00bboff\u00bb font_icon=\u00bb\ue106\u00bb icon_color=\u00bb#ffffff\u00bb use_circle=\u00bbon\u00bb circle_color=\u00bb#e09900&#8243; use_circle_border=\u00bbon\u00bb circle_border_color=\u00bb#ffffff\u00bb icon_placement=\u00bbtop\u00bb animation=\u00bbtop\u00bb background_layout=\u00bblight\u00bb text_orientation=\u00bbleft\u00bb use_icon_font_size=\u00bboff\u00bb use_border_color=\u00bboff\u00bb border_color=\u00bb#ffffff\u00bb border_style=\u00bbsolid\u00bb]<\/p>\n<p><span style=\"color: #3366ff;\"><a href='#' class='small-button smallblue'>Lugares del Quijote<\/a> <\/span><\/p>\n<p><strong>Antonio Garrido<\/strong><\/p>\n<p>Etapa: Bachillerato<\/p>\n<p>Formato: He venido a hablar de mi libro<\/p>\n<p>Tema: ABP<\/p>\n<p><span style=\"color: #3366ff;\"><a href='#' class='small-button smallblue'>Pla\u0301sticos TIC<\/a> <\/span><\/p>\n<p><strong>Francisco J. Frutos<\/strong><\/p>\n<p>Etapa: Secundaria<\/p>\n<p>Formato: Con red<\/p>\n<p>Tema: Ciencia y TIC<\/p>\n<p><span style=\"color: #3366ff;\"><a href='#' class='small-button smallblue'>Making it Real: Escenarios de aprendizaje con Augmented Reality, + Mobile Learning + Hand Gesture + Learning Analytics<\/a> <\/span><\/p>\n<div><strong>Juan Manuel Dodero Beardo<\/strong><\/div>\n<div>Etapa: Universidad<\/div>\n<div>Formato: Taller\u00edzate<\/div>\n<div>\n<p>Tema: herramienta de autor (VEDILS)<\/p>\n<div class=\"yj6qo ajU\"><\/div>\n<\/div>\n<p><span style=\"color: #3366ff;\"><a href='#' class='small-button smallblue'>Quijote News, un proyecto de educacio\u0301n literaria<\/a> <\/span><\/p>\n<p><strong>M\u00aa Mar Pe\u0301rez, Irene Gonza\u0301lez, Adela Ferna\u0301ndez, Marcos Cadenato y Maru Domenech<\/strong><\/p>\n<p>Etapa: Secundaria<\/p>\n<p>Formato: He venido a hablar de mi libro<\/p>\n<p>Tema: Educacio\u0301n literaria<\/p>\n<p><span style=\"color: #3366ff;\"><a href='#' class='small-button smallblue'>Esto es un desastre<\/a><\/span><\/p>\n<p><strong>Manuel Jesu\u0301s Ferna\u0301ndez<\/strong><\/p>\n<p>Etapa: Bachillerato<\/p>\n<p>Formato: Pecha Kucha<\/p>\n<p>Tema: Flipped Clasroom<\/p>\n<p>&nbsp;<\/p>\n<p>&nbsp;<\/p>\n<p>&nbsp;<\/p>\n<p>&nbsp;<\/p>\n<p>&nbsp;<\/p>\n<p>&nbsp;<\/p>\n<p>[\/et_pb_blurb][\/et_pb_column][et_pb_column type=\u00bb1_4&#8243;][et_pb_blurb admin_label=\u00bbAnuncio\u00bb title=\u00bbS\u00e1bado 9 de julio 16:30 a 18:30&#8243; url_new_window=\u00bboff\u00bb use_icon=\u00bboff\u00bb font_icon=\u00bbk\u00bb icon_color=\u00bb#ffffff\u00bb use_circle=\u00bbon\u00bb circle_color=\u00bb#e09900&#8243; use_circle_border=\u00bbon\u00bb circle_border_color=\u00bb#ffffff\u00bb icon_placement=\u00bbtop\u00bb animation=\u00bbtop\u00bb background_layout=\u00bblight\u00bb text_orientation=\u00bbleft\u00bb use_icon_font_size=\u00bboff\u00bb use_border_color=\u00bboff\u00bb border_color=\u00bb#ffffff\u00bb border_style=\u00bbsolid\u00bb] <a href='#' class='small-button smallblue'>Robotica en infantil<\/a><\/p>\n<p><strong>Mireia Tamayo Cuesta, Itziar Gorostiaga<\/strong><\/p>\n<p>Etapa: Infantil<\/p>\n<p>Formato: Talle\u0301rizate<\/p>\n<p>Tema: Robo\u0301tica<\/p>\n<a href='#' class='small-button smallblue'>Aprendizaje a trave\u0301s de la comunicacio\u0301n<\/a>\n<p><strong>O\u0301scar Marti\u0301n Centeno<\/strong><\/p>\n<p>Etapa: Primaria<\/p>\n<p>Formato: He venido a hablar de mi libro<\/p>\n<p>Tema: Transformacio\u0301n de un centro<\/p>\n<p>&nbsp;<\/p>\n<a href='#' class='small-button smallblue'>Proyecto A\u0301rea Lingui\u0301stica<\/a>\n<p><strong>Manuel Rino<\/strong><\/p>\n<p>Etapa: Secundaria<\/p>\n<p>Formato: Pecha Kucha<\/p>\n<p>Tema: Lingui\u0301stica<\/p>\n<p>&nbsp;<\/p>\n<a href='#' class='small-button smallblue'>MILAGE Aprender+ Launcher<\/a>\n<p><strong>Francisco Torrado<\/strong><\/p>\n<p>Etapa: Secundaria<\/p>\n<p>Formato: He venido a hablar de mi libro<\/p>\n<p>Tema: Mates, papel y tablet<\/p>\n<a href='#' class='small-button smallblue'>Hundertwasser aumentado: introduccio\u0301n a la RA realidad aumentada<\/a>\n<p><strong>Roser Ros<\/strong><\/p>\n<p>Etapa: Primaria<\/p>\n<p>Formato: Con red<\/p>\n<p>Tema: Realidad Aumentada<\/p>\n<p>[\/et_pb_blurb][\/et_pb_column][\/et_pb_row][\/et_pb_section]<\/p>\n","protected":false},"excerpt":{"rendered":"<p>\u00bfCrees que tienes algo que contarnos?, \u00bfte gustar\u00eda compartir con unos compa\u00f1eros ,-as que est\u00e1n deseando conocer esa experiencia de la que sientes orgulloso, -sa?, \u00bfquieres disponer de un tiempo en el Encuentro para compartir con todos, -as esa experiencia que t\u00fa consideras memorable? Pues\u2026 sigue leyendo. &nbsp; En el espacio \u00c1rea de experiencias vamos [&hellip;]<\/p>\n","protected":false},"author":1,"featured_media":0,"parent":0,"menu_order":0,"comment_status":"open","ping_status":"closed","template":"","meta":{"_et_pb_use_builder":"on","_et_pb_old_content":"<p>[et_pb_section][et_pb_row][et_pb_column type=\"4_4\"][et_pb_countdown_timer admin_label=\"Temporizador de cuenta atr\u00e1s\" title=\"Estamos trabajando en los contenidos de este espacio\" date_time=\"05\/31\/2015 00:00\" background_layout=\"dark\" use_background_color=\"on\" background_color=\"#1e73be\" \/][\/et_pb_column][\/et_pb_row][\/et_pb_section]<\/p>","_et_gb_content_width":"","footnotes":""},"class_list":["post-219","page","type-page","status-publish","hentry"],"_links":{"self":[{"href":"https:\/\/www.aulablog.com\/blog\/encuentro11\/wp-json\/wp\/v2\/pages\/219","targetHints":{"allow":["GET"]}}],"collection":[{"href":"https:\/\/www.aulablog.com\/blog\/encuentro11\/wp-json\/wp\/v2\/pages"}],"about":[{"href":"https:\/\/www.aulablog.com\/blog\/encuentro11\/wp-json\/wp\/v2\/types\/page"}],"author":[{"embeddable":true,"href":"https:\/\/www.aulablog.com\/blog\/encuentro11\/wp-json\/wp\/v2\/users\/1"}],"replies":[{"embeddable":true,"href":"https:\/\/www.aulablog.com\/blog\/encuentro11\/wp-json\/wp\/v2\/comments?post=219"}],"version-history":[{"count":27,"href":"https:\/\/www.aulablog.com\/blog\/encuentro11\/wp-json\/wp\/v2\/pages\/219\/revisions"}],"predecessor-version":[{"id":821,"href":"https:\/\/www.aulablog.com\/blog\/encuentro11\/wp-json\/wp\/v2\/pages\/219\/revisions\/821"}],"wp:attachment":[{"href":"https:\/\/www.aulablog.com\/blog\/encuentro11\/wp-json\/wp\/v2\/media?parent=219"}],"curies":[{"name":"wp","href":"https:\/\/api.w.org\/{rel}","templated":true}]}}