{"id":37,"date":"2015-04-21T17:03:08","date_gmt":"2015-04-21T17:03:08","guid":{"rendered":"http:\/\/www.aulablog.com\/blog\/encuentro11\/?page_id=37"},"modified":"2016-07-08T08:22:30","modified_gmt":"2016-07-08T08:22:30","slug":"portada","status":"publish","type":"page","link":"https:\/\/www.aulablog.com\/blog\/encuentro11\/","title":{"rendered":"portada"},"content":{"rendered":"<p>[et_pb_section admin_label=\u00bbsection\u00bb fullwidth=\u00bbon\u00bb specialty=\u00bboff\u00bb transparent_background=\u00bboff\u00bb background_color=\u00bb#dd9933&#8243; allow_player_pause=\u00bboff\u00bb inner_shadow=\u00bboff\u00bb parallax=\u00bboff\u00bb parallax_method=\u00bboff\u00bb][et_pb_fullwidth_header admin_label=\u00bbT\u00edtulo de anchura completa\u00bb title=\u00bbXI encuentro de aulaBLOG\u00bb subhead=\u00bb8, 9 y 10 de julio del 2016 en Ciudad Rodrigo\u00bb background_layout=\u00bbdark\u00bb text_orientation=\u00bbcenter\u00bb header_fullscreen=\u00bboff\u00bb header_scroll_down=\u00bboff\u00bb parallax=\u00bboff\u00bb parallax_method=\u00bboff\u00bb content_orientation=\u00bbcenter\u00bb image_orientation=\u00bbcenter\u00bb custom_button_one=\u00bboff\u00bb button_one_letter_spacing=\u00bb0&#8243; button_one_use_icon=\u00bbdefault\u00bb button_one_icon_placement=\u00bbright\u00bb button_one_on_hover=\u00bbon\u00bb button_one_letter_spacing_hover=\u00bb0&#8243; custom_button_two=\u00bboff\u00bb button_two_letter_spacing=\u00bb0&#8243; button_two_use_icon=\u00bbdefault\u00bb button_two_icon_placement=\u00bbright\u00bb button_two_on_hover=\u00bbon\u00bb button_two_letter_spacing_hover=\u00bb0&#8243;] [\/et_pb_fullwidth_header][\/et_pb_section][et_pb_section admin_label=\u00bbsection\u00bb fullwidth=\u00bboff\u00bb specialty=\u00bboff\u00bb transparent_background=\u00bboff\u00bb background_color=\u00bb#dd9933&#8243; allow_player_pause=\u00bboff\u00bb inner_shadow=\u00bboff\u00bb parallax=\u00bboff\u00bb parallax_method=\u00bboff\u00bb][et_pb_row admin_label=\u00bbrow\u00bb][et_pb_column type=\u00bb2_3&#8243;][et_pb_cta admin_label=\u00bbLlamada a la acci\u00f3n\u00bb title=\u00bbYINCANA\u00bb button_url=\u00bbhttp:\/\/aulablogenciudadrodrigo.weebly.com\/\u00bb url_new_window=\u00bbon\u00bb button_text=\u00bbACCEDER A LA YINCANA\u00bb use_background_color=\u00bbon\u00bb background_color=\u00bb#1e73be\u00bb background_layout=\u00bbdark\u00bb text_orientation=\u00bbcenter\u00bb use_border_color=\u00bboff\u00bb border_color=\u00bb#ffffff\u00bb border_style=\u00bbsolid\u00bb custom_button=\u00bboff\u00bb button_letter_spacing=\u00bb0&#8243; button_use_icon=\u00bbdefault\u00bb button_icon_placement=\u00bbright\u00bb button_on_hover=\u00bbon\u00bb button_letter_spacing_hover=\u00bb0&#8243;] [\/et_pb_cta][\/et_pb_column][et_pb_column type=\u00bb1_3&#8243;][et_pb_blurb admin_label=\u00bbBlurb\u00bb url_new_window=\u00bboff\u00bb use_icon=\u00bboff\u00bb icon_color=\u00bb#2ea3f2&#8243; use_circle=\u00bboff\u00bb circle_color=\u00bb#2ea3f2&#8243; use_circle_border=\u00bboff\u00bb circle_border_color=\u00bb#2ea3f2&#8243; image=\u00bbhttps:\/\/www.aulablog.com\/blog\/encuentro11\/files\/2015\/05\/XIencuentro_azul1.jpg\u00bb icon_placement=\u00bbtop\u00bb animation=\u00bbtop\u00bb background_layout=\u00bblight\u00bb text_orientation=\u00bbcenter\u00bb use_icon_font_size=\u00bboff\u00bb use_border_color=\u00bboff\u00bb border_color=\u00bb#ffffff\u00bb border_style=\u00bbsolid\u00bb] [\/et_pb_blurb][\/et_pb_column][\/et_pb_row][\/et_pb_section][et_pb_section admin_label=\u00bbsection\u00bb fullwidth=\u00bboff\u00bb specialty=\u00bboff\u00bb][et_pb_row admin_label=\u00bbrow\u00bb][et_pb_column type=\u00bb4_4&#8243;][et_pb_slider admin_label=\u00bbDeslizador\u00bb show_arrows=\u00bbon\u00bb show_pagination=\u00bbon\u00bb auto=\u00bboff\u00bb parallax=\u00bboff\u00bb parallax_method=\u00bboff\u00bb] [et_pb_slide button_text=\u00bbInscripciones cerradas\u00bb background_image=\u00bbhttps:\/\/www.aulablog.com\/blog\/encuentro11\/files\/2015\/04\/18879412254_954ec3e76e_k.jpg\u00bb background_color=\u00bb#ffffff\u00bb alignment=\u00bbcenter\u00bb background_layout=\u00bbdark\u00bb allow_player_pause=\u00bboff\u00bb \/][et_pb_slide button_text=\u00bbAlojamientos\u00bb button_link=\u00bbhttps:\/\/www.aulablog.com\/blog\/encuentro11\/alojamientos\/\u00bb background_image=\u00bbhttps:\/\/www.aulablog.com\/blog\/encuentro11\/files\/2015\/04\/Garita_en_la_muralla_interior_de_Ciudad_Rodrigo_tramo_sur_junto_al_r\u00edo_\u00c1gueda.jpg\u00bb background_color=\u00bb#ffffff\u00bb alignment=\u00bbcenter\u00bb background_layout=\u00bbdark\u00bb allow_player_pause=\u00bboff\u00bb \/][et_pb_slide button_text=\u00bbAcceder al Programa\u00bb button_link=\u00bbhttps:\/\/www.aulablog.com\/blog\/encuentro11\/programa\/\u00bb background_image=\u00bbhttps:\/\/www.aulablog.com\/blog\/encuentro11\/files\/2015\/04\/cultura_bellasartes-780&#215;300.jpg\u00bb background_color=\u00bb#ffffff\u00bb alignment=\u00bbcenter\u00bb background_layout=\u00bbdark\u00bb allow_player_pause=\u00bboff\u00bb \/][et_pb_slide button_text=\u00bbAcceder\u00bb button_link=\u00bbhttps:\/\/www.aulablog.com\/blog\/encuentro11\/espacios-aulablog\/\u00bb background_image=\u00bbhttps:\/\/www.aulablog.com\/blog\/encuentro11\/files\/2015\/04\/001espacios.jpg\u00bb background_color=\u00bb#ffffff\u00bb alignment=\u00bbcenter\u00bb background_layout=\u00bbdark\u00bb allow_player_pause=\u00bboff\u00bb \/] [\/et_pb_slider][et_pb_text admin_label=\u00bbTexto\u00bb background_layout=\u00bblight\u00bb text_orientation=\u00bbleft\u00bb]<\/p>\n<h1 style=\"text-align: center;\">\u00abaulaBLOG 2016, puerta abierta al\u00a0aprendizaje\u00bb<\/h1>\n<p>[\/et_pb_text][\/et_pb_column][\/et_pb_row][\/et_pb_section][et_pb_section admin_label=\u00bbsection\u00bb fullwidth=\u00bboff\u00bb specialty=\u00bboff\u00bb background_color=\u00bb#ffffff\u00bb inner_shadow=\u00bbon\u00bb parallax=\u00bboff\u00bb transparent_background=\u00bboff\u00bb allow_player_pause=\u00bboff\u00bb parallax_method=\u00bboff\u00bb padding_mobile=\u00bboff\u00bb make_fullwidth=\u00bboff\u00bb use_custom_width=\u00bboff\u00bb width_unit=\u00bbon\u00bb make_equal=\u00bboff\u00bb use_custom_gutter=\u00bboff\u00bb][et_pb_row admin_label=\u00bbrow\u00bb][et_pb_column type=\u00bb4_4&#8243;][et_pb_text admin_label=\u00bbTexto\u00bb background_layout=\u00bblight\u00bb text_orientation=\u00bbleft\u00bb use_border_color=\u00bboff\u00bb border_color=\u00bb#ffffff\u00bb border_style=\u00bbsolid\u00bb]<\/p>\n<h1 style=\"text-align: center;\">Programa<\/h1>\n<p>[\/et_pb_text][et_pb_slider admin_label=\u00bbDeslizador\u00bb show_arrows=\u00bbon\u00bb show_pagination=\u00bbon\u00bb auto=\u00bboff\u00bb auto_ignore_hover=\u00bboff\u00bb parallax=\u00bboff\u00bb parallax_method=\u00bboff\u00bb remove_inner_shadow=\u00bboff\u00bb background_position=\u00bbdefault\u00bb background_size=\u00bbdefault\u00bb hide_content_on_mobile=\u00bboff\u00bb hide_cta_on_mobile=\u00bboff\u00bb show_image_video_mobile=\u00bboff\u00bb custom_button=\u00bboff\u00bb button_letter_spacing=\u00bb0&#8243; button_use_icon=\u00bbdefault\u00bb button_icon_placement=\u00bbright\u00bb button_on_hover=\u00bbon\u00bb button_letter_spacing_hover=\u00bb0&#8243; saved_tabs=\u00bball\u00bb] [et_pb_slide heading=\u00bbViernes d\u00eda 8 de julio\u00bb background_position=\u00bbdefault\u00bb background_size=\u00bbdefault\u00bb background_color=\u00bb#1e73be\u00bb use_bg_overlay=\u00bboff\u00bb use_text_overlay=\u00bboff\u00bb alignment=\u00bbcenter\u00bb background_layout=\u00bbdark\u00bb allow_player_pause=\u00bboff\u00bb text_border_radius=\u00bb3&#8243; header_font_select=\u00bbdefault\u00bb header_font=\u00bb||||\u00bb body_font_select=\u00bbdefault\u00bb body_font=\u00bb||||\u00bb custom_button=\u00bboff\u00bb button_font_select=\u00bbdefault\u00bb button_font=\u00bb||||\u00bb button_use_icon=\u00bbdefault\u00bb button_icon_placement=\u00bbright\u00bb button_on_hover=\u00bbon\u00bb]<\/p>\n<p>10:45 a 13:00 <strong>Gymkana\u00a0por Ciudad Rodrigo<\/strong>. Quedada en el Paraninfo de la EOI, en el Patio de Armas. Indispensable tener instalado\u00a0en el m\u00f3vil layar y un lector de c\u00f3digos QR.<\/p>\n<p>13:30 Comida en el Restaurante Tamborino II<\/p>\n<p>16:00 Recibimiento, acogida y entrega de materiales.<br \/>\n16:15 Inauguraci\u00f3n del encuentro.<br \/>\n16:30 Conferencia inaugural: Roberto Aguado<\/p>\n<p>17:30 Pausa &#8211; Caf\u00e9<\/p>\n<p>18:00 \u2013 20:00 \u00c1reas de trabajo y experiencias<br \/>\n20:00 &#8211; 20:15 Visual Tinking colaborativo<\/p>\n<p>21:30 Cena en el Restaurante Tamborino II (Esta cena est\u00e1 incluida con la inscripci\u00f3n del encuentro)<\/p>\n<p>[\/et_pb_slide][et_pb_slide heading=\u00bbS\u00e1bado 9 de julio\u00bb background_position=\u00bbdefault\u00bb background_size=\u00bbdefault\u00bb background_color=\u00bb#dd9933&#8243; use_bg_overlay=\u00bboff\u00bb use_text_overlay=\u00bboff\u00bb alignment=\u00bbcenter\u00bb background_layout=\u00bbdark\u00bb allow_player_pause=\u00bboff\u00bb text_border_radius=\u00bb3&#8243; header_font_select=\u00bbdefault\u00bb header_font=\u00bb||||\u00bb body_font_select=\u00bbdefault\u00bb body_font=\u00bb||||\u00bb custom_button=\u00bboff\u00bb button_font_select=\u00bbdefault\u00bb button_font=\u00bb||||\u00bb button_use_icon=\u00bbdefault\u00bb button_icon_placement=\u00bbright\u00bb button_on_hover=\u00bbon\u00bb]<\/p>\n<p>9:15 Bienvenida en el Sal\u00f3n de Actos y presentaci\u00f3n de la jornada<br \/>\n9:30 \u2013 11:30 \u00c1reas de trabajo y experiencias<\/p>\n<p>11:30 Pausa \u2013 caf\u00e9<\/p>\n<p>12:00 \u2013 14:00 \u00c1reas de trabajo y experiencias<\/p>\n<p>14:00\u00a0\u00a0 Comida en el Restaurante Tamborino II (Esta comida est\u00e1 incluida con la inscripci\u00f3n del encuentro)<\/p>\n<p>16:30 \u2013 18:30 \u00c1reas de trabajo y experiencias<\/p>\n<p>18:30 \u2013 18:45 Pausa \u2013 caf\u00e9<\/p>\n<p>18:45 \u2013 19:45 Mesa de novatos<br \/>\n19:45 &#8211; 20:00 Visual Thinking colaborativo<\/p>\n<p>21:30 Cena en el Parador Enrique II de Trast\u00e1mara<\/p>\n<p>[\/et_pb_slide][et_pb_slide heading=\u00bbDomingo 10 de julio\u00bb background_position=\u00bbdefault\u00bb background_size=\u00bbdefault\u00bb background_color=\u00bb#1e73be\u00bb use_bg_overlay=\u00bboff\u00bb use_text_overlay=\u00bboff\u00bb alignment=\u00bbcenter\u00bb background_layout=\u00bbdark\u00bb allow_player_pause=\u00bboff\u00bb text_border_radius=\u00bb3&#8243; header_font_select=\u00bbdefault\u00bb header_font=\u00bb||||\u00bb body_font_select=\u00bbdefault\u00bb body_font=\u00bb||||\u00bb custom_button=\u00bboff\u00bb button_font_select=\u00bbdefault\u00bb button_font=\u00bb||||\u00bb button_use_icon=\u00bbdefault\u00bb button_icon_placement=\u00bbright\u00bb button_on_hover=\u00bbon\u00bb]<\/p>\n<p>10:30 Memoria:<\/p>\n<ul>\n<li>Actividades de aulaBLOG durante el curso 2015\/2016,<\/li>\n<li>Sedes del Scratch Day aulaBLOG.<\/li>\n<li>Previsiones para el pr\u00f3ximo curso<\/li>\n<\/ul>\n<p>11:15\u00a0 Pausa \u2013 caf\u00e9<\/p>\n<p>11:45 &#8211; 12:00 Premio Sekeirox<br \/>\n12:00 -13:00 Mesa redonda de Educaci\u00f3n<br \/>\n13:00 &#8211; 13:15 Visual Thinking colaborativo<br \/>\n13:15 &#8211; 13:30 Entrega de certificados<br \/>\n13:30 Polka<\/p>\n<p>14:00 Comida en el Restaurante Tamborino II<\/p>\n<p>[\/et_pb_slide] [\/et_pb_slider][et_pb_text admin_label=\u00bbTexto\u00bb background_layout=\u00bblight\u00bb text_orientation=\u00bbleft\u00bb use_border_color=\u00bboff\u00bb border_color=\u00bb#ffffff\u00bb border_style=\u00bbsolid\u00bb]<\/p>\n<h1 style=\"text-align: center;\">Espacios<\/h1>\n<p>[\/et_pb_text][et_pb_slider admin_label=\u00bbDeslizador\u00bb show_arrows=\u00bbon\u00bb show_pagination=\u00bbon\u00bb auto=\u00bboff\u00bb parallax=\u00bboff\u00bb parallax_method=\u00bboff\u00bb auto_ignore_hover=\u00bboff\u00bb remove_inner_shadow=\u00bboff\u00bb background_position=\u00bbdefault\u00bb background_size=\u00bbdefault\u00bb hide_content_on_mobile=\u00bboff\u00bb hide_cta_on_mobile=\u00bboff\u00bb show_image_video_mobile=\u00bboff\u00bb custom_button=\u00bboff\u00bb button_letter_spacing=\u00bb0&#8243; button_use_icon=\u00bbdefault\u00bb button_icon_placement=\u00bbright\u00bb button_on_hover=\u00bbon\u00bb button_letter_spacing_hover=\u00bb0&#8243; saved_tabs=\u00bball\u00bb] [et_pb_slide heading=\u00bbEspacio OFF\u00bb button_text=\u00bbAcceder al Espacio OFF \u00bb background_color=\u00bb#1e73be\u00bb alignment=\u00bbcenter\u00bb image_alt=\u00bb\u00c1rea sin tecnolog\u00eda\u00bb background_layout=\u00bbdark\u00bb allow_player_pause=\u00bboff\u00bb button_link=\u00bbhttps:\/\/www.aulablog.com\/blog\/encuentro11\/espacio-off\/\u00bb background_position=\u00bbdefault\u00bb background_size=\u00bbdefault\u00bb use_bg_overlay=\u00bboff\u00bb use_text_overlay=\u00bboff\u00bb text_border_radius=\u00bb3&#8243; header_font_select=\u00bbdefault\u00bb header_font=\u00bb||||\u00bb body_font_select=\u00bbdefault\u00bb body_font=\u00bb||||\u00bb custom_button=\u00bboff\u00bb button_font_select=\u00bbdefault\u00bb button_font=\u00bb||||\u00bb button_use_icon=\u00bbdefault\u00bb button_icon_placement=\u00bbright\u00bb button_on_hover=\u00bbon\u00bb]<\/p>\n<p>En este espacio tendr\u00e1s que dejar a un lado todos tus cachivaches tecnol\u00f3gicos: \u00a1es un espacio libre de tecnolog\u00eda! as\u00ed que fuera m\u00f3viles, tabletas y ordenadores y prep\u00e1rate\u00a0para trabajar libre de distracciones<\/p>\n<p style=\"text-align: center;\">\u00bfAceptas el reto? \ud83d\ude42<\/p>\n<p>[\/et_pb_slide][et_pb_slide heading=\u00bb\u00c1rea de bienvenida\u00bb button_text=\u00bbAcceder al \u00e1rea de bienvenida\u00bb background_color=\u00bb#dd9933&#8243; alignment=\u00bbcenter\u00bb background_layout=\u00bbdark\u00bb allow_player_pause=\u00bboff\u00bb button_link=\u00bbhttps:\/\/www.aulablog.com\/blog\/encuentro11\/area-de-bienvenida\/\u00bb background_position=\u00bbdefault\u00bb background_size=\u00bbdefault\u00bb use_bg_overlay=\u00bboff\u00bb use_text_overlay=\u00bboff\u00bb text_border_radius=\u00bb3&#8243; header_font_select=\u00bbdefault\u00bb header_font=\u00bb||||\u00bb body_font_select=\u00bbdefault\u00bb body_font=\u00bb||||\u00bb custom_button=\u00bboff\u00bb button_font_select=\u00bbdefault\u00bb button_font=\u00bb||||\u00bb button_use_icon=\u00bbdefault\u00bb button_icon_placement=\u00bbright\u00bb button_on_hover=\u00bbon\u00bb]<\/p>\n<p>\u00bfEs tu primer aulaBLOG? \u00a0\u00bfa\u00fan no tienes un blog? \u00a0\u00bfhas escuchado hablar de las Google Apps pero a\u00fan no trabajas con ellas? \u00a0\u00bfno te suena ninguna de estas herramientas? \u00a0Pues est\u00e1s de enhorabuena, este es tu espacio. Queremos que te vayas de nuestro encuentro con tu propio lugar\u00a0\u00a0en la red para compartir y trabajar con nosotros y con otros.<\/p>\n<p style=\"text-align: center;\">Todos hemos tenido un comienzo, el tuyo puede estar en este encuentro .<\/p>\n<p style=\"text-align: center;\">\u00bfTe apuntas?<\/p>\n<p>[\/et_pb_slide][et_pb_slide heading=\u00bbMakers Space\u00bb button_text=\u00bbAcceder al Maker Space\u00bb background_color=\u00bb#1e73be\u00bb alignment=\u00bbcenter\u00bb background_layout=\u00bbdark\u00bb allow_player_pause=\u00bboff\u00bb button_link=\u00bbhttps:\/\/www.aulablog.com\/blog\/encuentro11\/makers-space\/\u00bb background_position=\u00bbdefault\u00bb background_size=\u00bbdefault\u00bb use_bg_overlay=\u00bboff\u00bb use_text_overlay=\u00bboff\u00bb text_border_radius=\u00bb3&#8243; header_font_select=\u00bbdefault\u00bb header_font=\u00bb||||\u00bb body_font_select=\u00bbdefault\u00bb body_font=\u00bb||||\u00bb custom_button=\u00bboff\u00bb button_font_select=\u00bbdefault\u00bb button_font=\u00bb||||\u00bb button_use_icon=\u00bbdefault\u00bb button_icon_placement=\u00bbright\u00bb button_on_hover=\u00bbon\u00bb]<\/p>\n<p>\u00bfTe gusta la programaci\u00f3n\u00bf \u00bfte apasiona montar cacharros? \u00bfte parece genial trastear con drones y robots?<\/p>\n<p>Si la respuesta a alguna de estas preguntas es afirmativa este es tu \u00e1rea. Entra en el espacio\u00a0de \u00abmakers\u00bb y disfruta con nosotros \u00abcacharreando\u00bb con todo tipo de dispositivos: robots, impresoras 3D, programaci\u00f3n y mucho m\u00e1s..<\/p>\n<p style=\"text-align: center;\">\u00a1Te estamos esperando!<\/p>\n<p>[\/et_pb_slide][et_pb_slide heading=\u00bb\u00c1rea de m-learning\u00bb background_color=\u00bb#dd9933&#8243; alignment=\u00bbcenter\u00bb background_layout=\u00bbdark\u00bb allow_player_pause=\u00bboff\u00bb button_text=\u00bbAccede al \u00e1rea de m-learning\u00bb button_link=\u00bbhttps:\/\/www.aulablog.com\/blog\/encuentro11\/area-m-learning\/\u00bb background_position=\u00bbdefault\u00bb background_size=\u00bbdefault\u00bb use_bg_overlay=\u00bboff\u00bb use_text_overlay=\u00bboff\u00bb text_border_radius=\u00bb3&#8243; header_font_select=\u00bbdefault\u00bb header_font=\u00bb||||\u00bb body_font_select=\u00bbdefault\u00bb body_font=\u00bb||||\u00bb custom_button=\u00bboff\u00bb button_font_select=\u00bbdefault\u00bb button_font=\u00bb||||\u00bb button_use_icon=\u00bbdefault\u00bb button_icon_placement=\u00bbright\u00bb button_on_hover=\u00bbon\u00bb]<\/p>\n<p>\u00bfQuieres aprender nuevas apps para usar en tu clase? \u00bfTe atreves a jugar con nosotros y participar en un gymkana por todo el centro usando tu m\u00f3vil? \u00a0Si es as\u00ed, este es tu lugar. Aqu\u00ed todo lo haremos con un m\u00f3vil o tableta en las manos: m-learning, apps, realidad aumentada, video, radio&#8230; existe\u00a0una app para \u00abcasi\u00bb todo<\/p>\n<p style=\"text-align: center;\">\u00bfLo descubrimos juntos?<\/p>\n<p>[\/et_pb_slide][et_pb_slide heading=\u00bb\u00c1rea de creatividad\u00bb background_color=\u00bb#1e73be\u00bb alignment=\u00bbcenter\u00bb background_layout=\u00bbdark\u00bb allow_player_pause=\u00bboff\u00bb button_text=\u00bbAccede al \u00e1rea de creatividad\u00bb background_position=\u00bbdefault\u00bb background_size=\u00bbdefault\u00bb use_bg_overlay=\u00bboff\u00bb use_text_overlay=\u00bboff\u00bb text_border_radius=\u00bb3&#8243; header_font_select=\u00bbdefault\u00bb header_font=\u00bb||||\u00bb body_font_select=\u00bbdefault\u00bb body_font=\u00bb||||\u00bb custom_button=\u00bboff\u00bb button_font_select=\u00bbdefault\u00bb button_font=\u00bb||||\u00bb button_use_icon=\u00bbdefault\u00bb button_icon_placement=\u00bbright\u00bb button_on_hover=\u00bbon\u00bb button_link=\u00bbhttps:\/\/www.aulablog.com\/blog\/encuentro11\/area-de-creatividad\/\u00bb]<\/p>\n<p>&nbsp;<\/p>\n<p>Te proponemos un espacio donde podr\u00e1s imaginar y crear. Necesitamos desarrollar la creatividad, hemos de aprender a ser creativos de la misma forma que aprendemos a leer. La creatividad es una forma de mirar y tambi\u00e9n otra manera de resolver problemas enfrentado la vida con una actitud diferente, cambi\u00e1ndola si es necesario. \u00bfTe atreves?<\/p>\n<p>&nbsp;<\/p>\n<p>[\/et_pb_slide][et_pb_slide heading=\u00bb\u00c1rea de experiencias\u00bb button_text=\u00bbAccede al \u00c1rea de experiencias\u00bb background_color=\u00bb#dd9933&#8243; alignment=\u00bbcenter\u00bb background_layout=\u00bbdark\u00bb allow_player_pause=\u00bboff\u00bb button_link=\u00bbhttps:\/\/www.aulablog.com\/blog\/encuentro11\/experiencias\/\u00bb background_position=\u00bbdefault\u00bb background_size=\u00bbdefault\u00bb use_bg_overlay=\u00bboff\u00bb use_text_overlay=\u00bboff\u00bb text_border_radius=\u00bb3&#8243; header_font_select=\u00bbdefault\u00bb header_font=\u00bb||||\u00bb body_font_select=\u00bbdefault\u00bb body_font=\u00bb||||\u00bb custom_button=\u00bboff\u00bb button_font_select=\u00bbdefault\u00bb button_font=\u00bb||||\u00bb button_use_icon=\u00bbdefault\u00bb button_icon_placement=\u00bbright\u00bb button_on_hover=\u00bbon\u00bb]<\/p>\n<p>En este espacio tendremos la oportunidad de compartir nuestras experiencias y buenas pr\u00e1cticas. usaremos el\u00a0m\u00e9todo de pecha-kucha para mostrar nuestro trabajo de aula y recuerda: visibilizar el trabajo de aula y el trabajo que hacemos puede ser muy \u00fatil para todos.<\/p>\n<p style=\"text-align: center;\">\u00bfTe animas a compartir?<\/p>\n<p>[\/et_pb_slide] [\/et_pb_slider][\/et_pb_column][\/et_pb_row][et_pb_row admin_label=\u00bbrow\u00bb][et_pb_column type=\u00bb4_4&#8243;][et_pb_cta admin_label=\u00bbCall To Action\u00bb button_text=\u00bbFormulario de inscripci\u00f3n (CERRADAS)\u00bb use_background_color=\u00bbon\u00bb background_color=\u00bb#2ea3f2&#8243; background_layout=\u00bbdark\u00bb text_orientation=\u00bbcenter\u00bb title=\u00bbPuedes Inscribirte ahora\u00bb url_new_window=\u00bboff\u00bb use_border_color=\u00bboff\u00bb border_color=\u00bb#ffffff\u00bb border_style=\u00bbsolid\u00bb custom_button=\u00bboff\u00bb button_letter_spacing=\u00bb0&#8243; button_use_icon=\u00bbdefault\u00bb button_icon_placement=\u00bbright\u00bb button_on_hover=\u00bbon\u00bb button_letter_spacing_hover=\u00bb0&#8243;]<\/p>\n<p style=\"text-align: center;\">\u00a1Inscripciones Cerradas!<\/p>\n<p style=\"text-align: center;\">Muchas gracias<\/p>\n<p>[\/et_pb_cta][\/et_pb_column][\/et_pb_row][\/et_pb_section][et_pb_section admin_label=\u00bbsection\u00bb fullwidth=\u00bbon\u00bb specialty=\u00bboff\u00bb][et_pb_fullwidth_menu admin_label=\u00bbMen\u00fa de anchura completa\u00bb menu_id=\u00bb2&#8243; background_color=\u00bb#ffffff\u00bb background_layout=\u00bblight\u00bb text_orientation=\u00bbcenter\u00bb submenu_direction=\u00bbupwards\u00bb] [\/et_pb_fullwidth_menu][\/et_pb_section][et_pb_section admin_label=\u00bbsection\u00bb transparent_background=\u00bboff\u00bb background_color=\u00bb#ffffff\u00bb allow_player_pause=\u00bboff\u00bb inner_shadow=\u00bboff\u00bb parallax=\u00bboff\u00bb parallax_method=\u00bboff\u00bb padding_mobile=\u00bboff\u00bb make_fullwidth=\u00bboff\u00bb use_custom_width=\u00bboff\u00bb width_unit=\u00bbon\u00bb make_equal=\u00bboff\u00bb use_custom_gutter=\u00bboff\u00bb][et_pb_row admin_label=\u00bbrow\u00bb][et_pb_column type=\u00bb1_3&#8243;][et_pb_image admin_label=\u00bbImagen\u00bb src=\u00bbhttp:\/\/drive.google.com\/uc?export=view&amp;id=0B0L0kdWgBLxcTDB6aVlSRVFpSWV2Z1JvVnExQVg1bWJHQlBr\u00bb show_in_lightbox=\u00bboff\u00bb url_new_window=\u00bboff\u00bb animation=\u00bbleft\u00bb sticky=\u00bbon\u00bb use_overlay=\u00bboff\u00bb align=\u00bbleft\u00bb force_fullwidth=\u00bboff\u00bb always_center_on_mobile=\u00bbon\u00bb use_border_color=\u00bboff\u00bb border_color=\u00bb#ffffff\u00bb border_style=\u00bbsolid\u00bb] [\/et_pb_image][\/et_pb_column][et_pb_column type=\u00bb1_3&#8243;][et_pb_image admin_label=\u00bbImagen\u00bb src=\u00bbhttp:\/\/drive.google.com\/uc?export=view&amp;id=0B0L0kdWgBLxccUE0dUtRNXgyeW9zRE54OGlrSWJ4UFZZNkpN\u00bb show_in_lightbox=\u00bboff\u00bb url_new_window=\u00bboff\u00bb animation=\u00bbleft\u00bb sticky=\u00bbon\u00bb use_overlay=\u00bboff\u00bb align=\u00bbcenter\u00bb force_fullwidth=\u00bboff\u00bb always_center_on_mobile=\u00bbon\u00bb use_border_color=\u00bboff\u00bb border_color=\u00bb#ffffff\u00bb border_style=\u00bbsolid\u00bb] [\/et_pb_image][\/et_pb_column][et_pb_column type=\u00bb1_3&#8243;][et_pb_image admin_label=\u00bbImagen\u00bb src=\u00bbhttp:\/\/drive.google.com\/uc?export=view&amp;id=0B0L0kdWgBLxcWXBzamF0b196UUlZWHlja0hsTGxuMlNPVmJB\u00bb show_in_lightbox=\u00bboff\u00bb url_new_window=\u00bboff\u00bb animation=\u00bbleft\u00bb sticky=\u00bbon\u00bb use_overlay=\u00bboff\u00bb align=\u00bbcenter\u00bb force_fullwidth=\u00bboff\u00bb always_center_on_mobile=\u00bbon\u00bb use_border_color=\u00bboff\u00bb border_color=\u00bb#ffffff\u00bb border_style=\u00bbsolid\u00bb] [\/et_pb_image][\/et_pb_column][\/et_pb_row][et_pb_row admin_label=\u00bbFila\u00bb][et_pb_column type=\u00bb4_4&#8243;][\/et_pb_column][\/et_pb_row][\/et_pb_section]<\/p>\n","protected":false},"excerpt":{"rendered":"<p>\u00abaulaBLOG 2016, puerta abierta al\u00a0aprendizaje\u00bb Programa 10:45 a 13:00 Gymkana\u00a0por Ciudad Rodrigo. Quedada en el Paraninfo de la EOI, en el Patio de Armas. Indispensable tener instalado\u00a0en el m\u00f3vil layar y un lector de c\u00f3digos QR. 13:30 Comida en el Restaurante Tamborino II 16:00 Recibimiento, acogida y entrega de materiales. 16:15 Inauguraci\u00f3n del encuentro. 16:30 [&hellip;]<\/p>\n","protected":false},"author":1,"featured_media":0,"parent":0,"menu_order":0,"comment_status":"open","ping_status":"open","template":"","meta":{"_et_pb_use_builder":"on","_et_pb_old_content":"","_et_gb_content_width":"","footnotes":""},"class_list":["post-37","page","type-page","status-publish","hentry"],"_links":{"self":[{"href":"https:\/\/www.aulablog.com\/blog\/encuentro11\/wp-json\/wp\/v2\/pages\/37","targetHints":{"allow":["GET"]}}],"collection":[{"href":"https:\/\/www.aulablog.com\/blog\/encuentro11\/wp-json\/wp\/v2\/pages"}],"about":[{"href":"https:\/\/www.aulablog.com\/blog\/encuentro11\/wp-json\/wp\/v2\/types\/page"}],"author":[{"embeddable":true,"href":"https:\/\/www.aulablog.com\/blog\/encuentro11\/wp-json\/wp\/v2\/users\/1"}],"replies":[{"embeddable":true,"href":"https:\/\/www.aulablog.com\/blog\/encuentro11\/wp-json\/wp\/v2\/comments?post=37"}],"version-history":[{"count":65,"href":"https:\/\/www.aulablog.com\/blog\/encuentro11\/wp-json\/wp\/v2\/pages\/37\/revisions"}],"predecessor-version":[{"id":853,"href":"https:\/\/www.aulablog.com\/blog\/encuentro11\/wp-json\/wp\/v2\/pages\/37\/revisions\/853"}],"wp:attachment":[{"href":"https:\/\/www.aulablog.com\/blog\/encuentro11\/wp-json\/wp\/v2\/media?parent=37"}],"curies":[{"name":"wp","href":"https:\/\/api.w.org\/{rel}","templated":true}]}}