{"id":37,"date":"2015-04-21T17:03:08","date_gmt":"2015-04-21T17:03:08","guid":{"rendered":"http:\/\/www.aulablog.com\/blog\/encuentro2022\/?page_id=37"},"modified":"2022-07-08T05:05:08","modified_gmt":"2022-07-08T05:05:08","slug":"portada","status":"publish","type":"page","link":"https:\/\/www.aulablog.com\/blog\/encuentro2022\/","title":{"rendered":"portada"},"content":{"rendered":"[et_pb_section fb_built=\u00bb1&#8243; fullwidth=\u00bbon\u00bb admin_label=\u00bbsection\u00bb _builder_version=\u00bb4.16&#8243; background_color=\u00bb#0c71c3&#8243; global_colors_info=\u00bb{}\u00bb][et_pb_fullwidth_header title=\u00bbXVII Encuentro de aulaBLOG Bilbao 2022&#8243; text_orientation=\u00bbcenter\u00bb _builder_version=\u00bb4.17.3&#8243; title_text_color=\u00bb#FFFFFF\u00bb content_text_color=\u00bb#000000&#8243; subhead_font=\u00bb|||on|||||\u00bb subhead_text_color=\u00bb#E09900&#8243; background_color=\u00bbrgba(255, 255, 255, 0)\u00bb background_image=\u00bbhttps:\/\/www.aulablog.com\/blog\/encuentro2022\/files\/2022\/05\/bilbao.jpg\u00bb max_width_tablet=\u00bb50px\u00bb title_text_shadow_style=\u00bbpreset2&#8243; subhead_text_shadow_style=\u00bbpreset4&#8243; global_colors_info=\u00bb{}\u00bb button_one_text_size__hover_enabled=\u00bboff\u00bb button_two_text_size__hover_enabled=\u00bboff\u00bb button_one_text_color__hover_enabled=\u00bboff\u00bb button_two_text_color__hover_enabled=\u00bboff\u00bb button_one_border_width__hover_enabled=\u00bboff\u00bb button_two_border_width__hover_enabled=\u00bboff\u00bb button_one_border_color__hover_enabled=\u00bboff\u00bb button_two_border_color__hover_enabled=\u00bboff\u00bb button_one_border_radius__hover_enabled=\u00bboff\u00bb button_two_border_radius__hover_enabled=\u00bboff\u00bb button_one_letter_spacing__hover_enabled=\u00bboff\u00bb button_two_letter_spacing__hover_enabled=\u00bboff\u00bb button_one_bg_color__hover_enabled=\u00bboff\u00bb button_two_bg_color__hover_enabled=\u00bboff\u00bb button_one_text__hover_enabled=\u00bboff|desktop\u00bb]<h2>8, 9 y 10 de julio de 2022<\/h2>[\/et_pb_fullwidth_header][\/et_pb_section][et_pb_section fb_built=\u00bb1&#8243; admin_label=\u00bbsection\u00bb _builder_version=\u00bb4.17.3&#8243; global_colors_info=\u00bb{}\u00bb][et_pb_row column_structure=\u00bb1_2,1_2&#8243; make_equal=\u00bbon\u00bb _builder_version=\u00bb4.16&#8243; global_colors_info=\u00bb{}\u00bb][et_pb_column type=\u00bb1_2&#8243; _builder_version=\u00bb4.16&#8243; custom_padding=\u00bb|||\u00bb global_colors_info=\u00bb{}\u00bb custom_padding__hover=\u00bb|||\u00bb][et_pb_text _builder_version=\u00bb4.16&#8243; background_size=\u00bbinitial\u00bb background_position=\u00bbtop_left\u00bb background_repeat=\u00bbrepeat\u00bb use_border_color=\u00bboff\u00bb border_color=\u00bb#ffffff\u00bb border_style=\u00bbsolid\u00bb global_colors_info=\u00bb{}\u00bb][\/et_pb_text][et_pb_text _builder_version=\u00bb4.17.4&#8243; background_size=\u00bbinitial\u00bb background_position=\u00bbtop_left\u00bb background_repeat=\u00bbrepeat\u00bb use_border_color=\u00bboff\u00bb inline_fonts=\u00bbArimo\u00bb global_colors_info=\u00bb{}\u00bb]<h1 style=\"text-align: center;\"><\/h1>\n<h1 style=\"text-align: center;\"><span style=\"font-weight: 400; color: #000080;\"><strong><\/strong><\/span><\/h1>\n<h1 style=\"text-align: center;\"><span style=\"font-weight: 400; color: #000080;\"><strong>AUPABLOG!<\/strong><\/span><\/h1>\n<h1><span style=\"font-weight: 400; color: #000080;\"><strong><\/strong><\/span><\/h1>\n<p><a href=\"https:\/\/www.aulablog.com\/blog\/encuentro2022\/talleres-xiv-encuentro-aulablog\/\"><\/a><\/p>\n<blockquote class=\"wp-block-quote is-layout-flow wp-block-quote-is-layout-flow\"><\/blockquote>\n<p><a href=\"https:\/\/www.aulablog.com\/blog\/encuentro2022\/talleres-xiv-encuentro-aulablog\/\"> <\/a><\/p>\n<ul class=\"n8H08c UVNKR\">\n<li dir=\"ltr\" class=\"TYR86d zfr3Q\" style=\"list-style-type: none;\"><span style=\"color: #e09900;\"><b>Jueves<\/b> <b>7<\/b> <b>de<\/b> <b>julio.<\/b><\/span><\/li>\n<li dir=\"ltr\" class=\"TYR86d zfr3Q\" style=\"list-style-type: none;\">12:30 &#8211; <strong>Rueda de prensa<\/strong>. Presentaci\u00f3n del XVII Encuentro aulaBLOG Bilbao 2022<b>Lugar: <\/b>BilboRock, Muelle de La Merced, 1\n<p>19:00 &#8211; <a href=\"https:\/\/www.aulablog.com\/blog\/encuentro2022\/proyeccion-de-las-clases\/\"><strong>Proyecci\u00f3n del documental<\/strong><\/a> <a href=\"https:\/\/lasclases.cotec.es\/\"><u>Las clases<\/u><\/a>. <a href=\"https:\/\/lasclases.cotec.es\/wp-content\/uploads\/2021\/11\/Dossier-Las-Clases-1.pdf\"><u>Dossier<\/u><\/a><\/p>\n<p><b>Lugar: <\/b>BilboRock, Muelle de La Merced, 1<\/p>\n<p><span style=\"color: #e09900;\"><b>Viernes<\/b> <b>8<\/b> <b>de<\/b> <b>julio.<\/b><\/span><\/p>\n<p>11:00 <strong>Ruta por Bilbao<\/strong>. Saldremos desde la Iglesia San Ant\u00f3n.<\/p>\n<\/li>\n<li dir=\"ltr\" class=\"TYR86d zfr3Q\" style=\"list-style-type: none;\">13:30 &#8211; Comida\n<p>15:45 &#8211; 16:15 <strong>Recepci\u00f3n participantes<\/strong>. Lugar: IES Miguel de Unamuno BHI 16:15 &#8211; 16:30 Inauguraci\u00f3n oficial<\/p>\n<p>16:30 &#8211; 17:15 <strong>Conferencia inaugural<\/strong>: Lorena Fern\u00e1ndez y Estibaliz Le\u00f3n 17:15 &#8211; 18:00 Presentaci\u00f3n del trabajo en equipos<\/p>\n<p>18:00 &#8211; 18:25 Pausa<\/p>\n<p>18:30 &#8211; 19:45 <strong>Trabajo en equipos<\/strong><\/p>\n<p>21:30 Cena (Incluida con la inscripci\u00f3n)<\/p>\n<\/li>\n<\/ul>\n<p>&nbsp;<\/p>\n<ul class=\"n8H08c UVNKR\">\n<li dir=\"ltr\" class=\"TYR86d zfr3Q\" style=\"list-style-type: none;\"><span style=\"color: #e09900;\"><b>S\u00e1bado<\/b> <b>9<\/b> <b>de<\/b> <b>julio.<\/b><\/span><\/li>\n<li dir=\"ltr\" class=\"TYR86d zfr3Q\" style=\"list-style-type: none;\">9:30 &#8211; 11:30 Trabajo en equipos11:30 &#8211; 11:55 Pausa12:00 &#8211; 14:00 <strong>Talleres<\/strong>\n<p>14:00 &#8211; 16:00 Comida (incluida con la inscripci\u00f3n)<\/p>\n<\/li>\n<li dir=\"ltr\" class=\"TYR86d zfr3Q\" style=\"list-style-type: none;\">16:30 &#8211; 18:30 <a href=\"https:\/\/www.aulablog.com\/blog\/encuentro2022\/talleres-del-encuentro\/\"><strong>Talleres<\/strong><\/a>\n<p>18:30 &#8211; 18:50 Pausa<\/p>\n<p>18:55 &#8211; 19:45 Mesa de<span style=\"font-size: 14px;\"> aprendices<\/span><\/p>\n<\/li>\n<\/ul>\n<ul class=\"n8H08c UVNKR\">\n<li dir=\"ltr\" class=\"TYR86d zfr3Q\" style=\"list-style-type: none;\">19:45 &#8211; 20:00 Informaciones gran grupo<span style=\"font-size: 14px;\">\u00a0<\/span><\/li>\n<\/ul>\n<ul class=\"n8H08c UVNKR\">\n<li dir=\"ltr\" class=\"TYR86d zfr3Q\" style=\"list-style-type: none;\">21:30 Cena de gala<\/li>\n<\/ul>\n<p>&nbsp;<\/p>\n<ul class=\"n8H08c UVNKR\">\n<li dir=\"ltr\" class=\"TYR86d zfr3Q\" style=\"list-style-type: none;\"><span style=\"color: #e09900;\"><b>Domingo<\/b> <b>10<\/b> <b>de<\/b><b> julio.<\/b><\/span><\/li>\n<\/ul>\n<p><span style=\"color: #e09900;\"><b><\/b><\/span><\/p>\n<ul class=\"n8H08c UVNKR\">\n<li dir=\"ltr\" class=\"TYR86d zfr3Q\" style=\"list-style-type: none;\">10:00 &#8211; 11:30 Trabajo en equipos<span style=\"font-size: 14px;\">\u00a0<\/span><\/li>\n<li dir=\"ltr\" class=\"TYR86d zfr3Q\" style=\"list-style-type: none;\">11:30 &#8211; 11:55 Pausa<\/li>\n<li dir=\"ltr\" class=\"TYR86d zfr3Q\" style=\"list-style-type: none;\"><span style=\"font-size: 14px;\">12:00 &#8211; 12:30 Puesta en com\u00fan<\/span><\/li>\n<li dir=\"ltr\" class=\"TYR86d zfr3Q\" style=\"list-style-type: none;\"><span style=\"font-size: 14px;\"><\/span><span style=\"font-size: 14px;\">12:30 &#8211; 13:15 Conferencia de clausura: <strong>N\u00e9lida Zaitegi:<\/strong>\u00a0<em>Desafios de la educaci\u00f3n para la transformaci\u00f3n social<\/em>.<\/span><\/li>\n<li dir=\"ltr\" class=\"TYR86d zfr3Q\" style=\"list-style-type: none;\">13:15- 13:30 Premio Sekeirox<\/li>\n<li dir=\"ltr\" class=\"TYR86d zfr3Q\" style=\"list-style-type: none;\"><span style=\"font-size: 14px;\">13:30 &#8211; 14:00 Polka eduBLOGS<\/span><\/li>\n<li dir=\"ltr\" class=\"TYR86d zfr3Q\" style=\"list-style-type: none;\">14:30 Comida<\/li>\n<li dir=\"ltr\" class=\"TYR86d zfr3Q\" style=\"list-style-type: none;\"><\/li>\n<li dir=\"ltr\" class=\"TYR86d zfr3Q\" style=\"list-style-type: none;\"><\/li>\n<\/ul>\n<p><span><\/span><\/p>\n<p><span><\/span><\/p>[\/et_pb_text][\/et_pb_column][et_pb_column type=\u00bb1_2&#8243; _builder_version=\u00bb4.16&#8243; custom_padding=\u00bb|||\u00bb global_colors_info=\u00bb{}\u00bb custom_padding__hover=\u00bb|||\u00bb][et_pb_image align_tablet=\u00bbcenter\u00bb align_phone=\u00bb\u00bb align_last_edited=\u00bbon|desktop\u00bb _builder_version=\u00bb4.16&#8243; global_colors_info=\u00bb{}\u00bb][\/et_pb_image][et_pb_text _builder_version=\u00bb4.16&#8243; custom_padding=\u00bb|||11px||\u00bb global_colors_info=\u00bb{}\u00bb]<p>&nbsp;<\/p>\n<p>&nbsp;<\/p>\n<p>&nbsp;<\/p>\n<p>&nbsp;<\/p>[\/et_pb_text][et_pb_image src=\u00bbhttps:\/\/www.aulablog.com\/blog\/encuentro2022\/files\/2022\/05\/Cartel-aulabBLOG22-scaled.jpg\u00bb title_text=\u00bbCartel aulabBLOG22&#8243; _builder_version=\u00bb4.17.3&#8243; _module_preset=\u00bbdefault\u00bb custom_margin=\u00bb||63px|||\u00bb global_colors_info=\u00bb{}\u00bb][\/et_pb_image][et_pb_image src=\u00bbhttps:\/\/www.aulablog.com\/blog\/encuentro2022\/files\/2015\/04\/logo_aulablog2.png\u00bb title_text=\u00bblogo_aulablog2&#8243; _builder_version=\u00bb4.17.3&#8243; _module_preset=\u00bbdefault\u00bb custom_margin=\u00bb|||32px||\u00bb custom_padding=\u00bb|49px||||\u00bb global_colors_info=\u00bb{}\u00bb][\/et_pb_image][et_pb_image src=\u00bbhttps:\/\/www.aulablog.com\/blog\/encuentro2022\/files\/2022\/05\/logo-nuevo-institutua.jpg\u00bb title_text=\u00bblogo nuevo institutua\u00bb url=\u00bbhttps:\/\/iesunamuno.com\/\u00bb url_new_window=\u00bbon\u00bb _builder_version=\u00bb4.17.3&#8243; _module_preset=\u00bbdefault\u00bb global_colors_info=\u00bb{}\u00bb][\/et_pb_image][et_pb_image src=\u00bbhttps:\/\/www.aulablog.com\/blog\/encuentro2022\/files\/2022\/06\/bilbao-events756.png\u00bb title_text=\u00bb-bilbao-events756&#8243; align=\u00bbcenter\u00bb _builder_version=\u00bb4.17.4&#8243; _module_preset=\u00bbdefault\u00bb global_colors_info=\u00bb{}\u00bb][\/et_pb_image][\/et_pb_column][\/et_pb_row][et_pb_row _builder_version=\u00bb4.16&#8243; _module_preset=\u00bbdefault\u00bb global_colors_info=\u00bb{}\u00bb][et_pb_column type=\u00bb4_4&#8243; _builder_version=\u00bb4.16&#8243; _module_preset=\u00bbdefault\u00bb global_colors_info=\u00bb{}\u00bb][et_pb_button button_url=\u00bbhttps:\/\/docs.google.com\/forms\/d\/e\/1FAIpQLSeCVctnbV7qx-BVmZa73S4ozUItatd4pzHn5Y2ejI9alNg8dw\/viewform\u00bb button_text=\u00bbFormulario de inscripci\u00f3n\u00bb button_alignment=\u00bbcenter\u00bb _builder_version=\u00bb4.17.3&#8243; _module_preset=\u00bbdefault\u00bb animation_style=\u00bbfold\u00bb animation_duration=\u00bb1700ms\u00bb box_shadow_style=\u00bbpreset2&#8243; global_colors_info=\u00bb{}\u00bb][\/et_pb_button][\/et_pb_column][\/et_pb_row][\/et_pb_section]","protected":false},"excerpt":{"rendered":"<p>8, 9 y 10 de julio de 2022 AUPABLOG! Jueves 7 de julio. 12:30 &#8211; Rueda de prensa. Presentaci\u00f3n del XVII Encuentro aulaBLOG Bilbao 2022Lugar: BilboRock, Muelle de La Merced, 1 19:00 &#8211; Proyecci\u00f3n del documental Las clases. Dossier Lugar: BilboRock, Muelle de La Merced, 1 Viernes 8 de julio. 11:00 Ruta por Bilbao. Saldremos [&hellip;]<\/p>\n","protected":false},"author":1,"featured_media":0,"parent":0,"menu_order":0,"comment_status":"open","ping_status":"open","template":"","meta":{"_et_pb_use_builder":"on","_et_pb_old_content":"","_et_gb_content_width":"","footnotes":""},"class_list":["post-37","page","type-page","status-publish","hentry"],"_links":{"self":[{"href":"https:\/\/www.aulablog.com\/blog\/encuentro2022\/wp-json\/wp\/v2\/pages\/37","targetHints":{"allow":["GET"]}}],"collection":[{"href":"https:\/\/www.aulablog.com\/blog\/encuentro2022\/wp-json\/wp\/v2\/pages"}],"about":[{"href":"https:\/\/www.aulablog.com\/blog\/encuentro2022\/wp-json\/wp\/v2\/types\/page"}],"author":[{"embeddable":true,"href":"https:\/\/www.aulablog.com\/blog\/encuentro2022\/wp-json\/wp\/v2\/users\/1"}],"replies":[{"embeddable":true,"href":"https:\/\/www.aulablog.com\/blog\/encuentro2022\/wp-json\/wp\/v2\/comments?post=37"}],"version-history":[{"count":10,"href":"https:\/\/www.aulablog.com\/blog\/encuentro2022\/wp-json\/wp\/v2\/pages\/37\/revisions"}],"predecessor-version":[{"id":1549,"href":"https:\/\/www.aulablog.com\/blog\/encuentro2022\/wp-json\/wp\/v2\/pages\/37\/revisions\/1549"}],"wp:attachment":[{"href":"https:\/\/www.aulablog.com\/blog\/encuentro2022\/wp-json\/wp\/v2\/media?parent=37"}],"curies":[{"name":"wp","href":"https:\/\/api.w.org\/{rel}","templated":true}]}}