{"id":130,"date":"2015-05-17T10:42:33","date_gmt":"2015-05-17T10:42:33","guid":{"rendered":"http:\/\/www.aulablog.com\/blog\/encuentro2023\/?page_id=130"},"modified":"2023-07-10T17:06:20","modified_gmt":"2023-07-10T17:06:20","slug":"quienes-somos","status":"publish","type":"page","link":"https:\/\/www.aulablog.com\/blog\/encuentro2024\/quienes-somos\/","title":{"rendered":"\u00bfQui\u00e9nes somos?"},"content":{"rendered":"<p>[et_pb_section fb_built=\u00bb1&#8243; admin_label=\u00bbsection\u00bb _builder_version=\u00bb4.16&#8243; global_colors_info=\u00bb{}\u00bb][et_pb_row admin_label=\u00bbrow\u00bb _builder_version=\u00bb4.16&#8243; background_size=\u00bbinitial\u00bb background_position=\u00bbtop_left\u00bb background_repeat=\u00bbrepeat\u00bb global_colors_info=\u00bb{}\u00bb custom_padding=\u00bb|||34px||\u00bb][et_pb_column type=\u00bb4_4&#8243; _builder_version=\u00bb4.16&#8243; custom_padding=\u00bb|||\u00bb global_colors_info=\u00bb{}\u00bb custom_padding__hover=\u00bb|||\u00bb][et_pb_text admin_label=\u00bbText\u00bb _builder_version=\u00bb4.16&#8243; background_size=\u00bbinitial\u00bb background_position=\u00bbtop_left\u00bb background_repeat=\u00bbrepeat\u00bb global_colors_info=\u00bb{}\u00bb]<\/p>\n<p>En los Encuentros trabajamos de forma colectiva formando talleres donde aprendemos a usar nuevas aplicaciones y m\u00e9todos de trabajo \u00fatiles para nuestras clases, asistiendo a <strong>conferencias<\/strong> sobre los temas m\u00e1s actuales y realizando actividades conjuntas que nos entretienen. Todo ello en un<strong> ambiente de amistad y de trabajo<\/strong> que nos proporciona m\u00e1s motivaciones para nuestra labor educativa.<\/p>\n<p>Desde el a\u00f1o 2006 celebramos estos encuentros anuales, que anteriormente llam\u00e1bamos <em>de Edublogs<\/em>, con el objetivo de contribuir a la renovaci\u00f3n necesaria que mejore nuestro sistema educativo y lo incorpore a la nueva Sociedad de la Informaci\u00f3n y del Conocimiento en un ambiente de creatividad, colaboraci\u00f3n y libertad. Adem\u00e1s, estas reuniones nos sirven para fortalecer lazos y amistades creadas hace ya tiempo y conocer a docentes que quieran contribuir a los objetivos ampliamente deseados por quienes nos dedicamos a la ense\u00f1anza.<\/p>\n<p>Ya desde el primer Encuentro en Roa de Duero sab\u00edamos lo que quer\u00edamos, y lo que entonces parec\u00eda dif\u00edcil de conseguir, se ha ido incorporando poco a poco a nuestros sistemas educativos. Nuestra <a title=\"Declaraci\u00f3n de Roa\" href=\"http:\/\/aulablog.wikispaces.com\/Declaracion+de+Roa\" target=\"_blank\" rel=\"noopener noreferrer\">Declaraci\u00f3n de Roa<\/a> parec\u00eda casi una utop\u00eda en el a\u00f1o 2006, pero a\u00f1os despu\u00e9s hemos conseguido entre todos que sus principios nos resulten familiares.<\/p>\n<blockquote>\n<p id=\"toc0\"><strong>Declaraci\u00f3n de Roa por la integraci\u00f3n de las TIC en la educaci\u00f3n<\/strong><\/p>\n<p><img loading=\"lazy\" decoding=\"async\" class=\" size-full wp-image-131 alignleft\" src=\"http:\/\/www.aulablog.com\/blog\/encuentro2023\/files\/2015\/05\/bannerdeclara.png\" alt=\"bannerdeclara\" width=\"150\" height=\"121\" \/>La efectiva incorporaci\u00f3n a la Sociedad de la Informaci\u00f3n y la Comunicaci\u00f3n debe ser un objetivo prioritario para cualquier sistema educativo y para cualquier pa\u00eds. La instituci\u00f3n educativa debe asumir la responsabilidad de conseguir la alfabetizaci\u00f3n digital y el acceso de la ciudadan\u00eda a las TIC. Pero la integraci\u00f3n de las TIC necesita un impulso mucho m\u00e1s decidido por parte de toda la comunidad educativa; en consecuencia, el profesorado reunido en Roa realiza la siguiente declaraci\u00f3n por la integraci\u00f3n de las TIC en la ense\u00f1anza.<\/p>\n<ol>\n<li>La incorporaci\u00f3n de las TIC facilita el aprendizaje y la comunicaci\u00f3n de toda la comunidad educativa, y resulta un objetivo irrenunciable.<\/li>\n<li>Es necesaria una pol\u00edtica decidida de las administraciones educativas para que las TIC formen parte del curr\u00edculum y se integren en \u00e9l con competencias definidas.<\/li>\n<li>Resulta necesaria la implementaci\u00f3n de un sistema de evaluaci\u00f3n de los modelos de integraci\u00f3n existentes y los que se puedan poner en marcha.<\/li>\n<li>Se debe dotar a todos los centros educativos de medios t\u00e9cnicos suficientes y funcionales. Es prioritario el acceso a Internet mediante banda ancha.<\/li>\n<li>La dotaci\u00f3n de medios debe ir siempre acompa\u00f1ada del personal t\u00e9cnico especializado. Adem\u00e1s, consideramos necesaria la creaci\u00f3n de la figura del animador\/a TIC, que promueva el uso de estas tecnolog\u00edas, y gu\u00ede a quienes se inician.<\/li>\n<li>Debe fomentarse el uso y desarrollo del software libre, puesto que est\u00e1 sirviendo de soporte para las experiencias innovadoras, que resultan econ\u00f3micamente inviables con herramientas comerciales, y porque facilita el acceso a las TIC.<\/li>\n<li>La formaci\u00f3n del profesorado requiere un cambio en las TIC como objeto y como medio de formaci\u00f3n e incorpore modelos pedag\u00f3gicos para su aplicaci\u00f3n el aula.<\/li>\n<li>Es necesario incentivar al profesorado comprometido con la innovaci\u00f3n, no solo econ\u00f3micamente.<\/li>\n<li>Se debe fomentar la creaci\u00f3n de comunidades profesionales modelo y redes sociales que permitan la formaci\u00f3n entre iguales, la transmisi\u00f3n de buenas pr\u00e1cticas y el trabajo cooperativo.<\/li>\n<li>Se debe difundir el uso de esquemas abiertos de propiedad intelectual y gesti\u00f3n de derechos de autor que fomenten el trabajo en colaboraci\u00f3n y faciliten el acceso a repositorios de recursos educativos.<\/li>\n<\/ol>\n<\/blockquote>\n<p>Nuestros encuentros han sido los siguientes:<\/p>\n<ol>\n<li>Edublogs 2006, en Roa de Duero, Burgos.<\/li>\n<li>Edublogs 2007, en Ayerbe, Huesca.<\/li>\n<li>Edublogs 2008, en Santiago, La Coru\u00f1a.<\/li>\n<li>Edublogs 2009, en Getxo, Vizcaya.<\/li>\n<li><a title=\"Encuentro de Edublogs 2010 en Avil\u00e9s\" href=\"http:\/\/aulablog.com\/edublogs2010\/\">Edublogs 2010<\/a>, en Avil\u00e9s, Asturias.<\/li>\n<li><a title=\"Encuentro de Edublogs 2011 en Madrid\" href=\"http:\/\/www.aulablog.com\/blog\/edublogs11\/\" target=\"_blank\" rel=\"noopener noreferrer\">aulaBLOG\u00a02011<\/a>, en Madrid.<\/li>\n<li><a href=\"http:\/\/www.aulablog.com\/blog\/edublogs12\/\" target=\"_blank\" rel=\"noopener noreferrer\">aulaBLOG\u00a02012<\/a> en Pe\u00f1aranda de Bracamonte.<\/li>\n<li><a href=\"http:\/\/www.aulablog.com\/blog\/edublogs13\/\" target=\"_blank\" rel=\"noopener noreferrer\">aulaBLOG 2013<\/a> en Donosti.<\/li>\n<li><a href=\"http:\/\/www.aulablog.com\/blog\/blog\/2014\/05\/25\/encuentro-aulablog-2014-aceptas-el-reto\/\" target=\"_blank\" rel=\"noopener noreferrer\">aulaBLOG 2014<\/a> en Barcelona.<\/li>\n<li><a href=\"http:\/\/www.aulablog.com\/blog\/encuentro10\/\" target=\"_blank\" rel=\"noopener noreferrer\">aulaBLOG 2015<\/a> en Ubrique (C\u00e1diz)<\/li>\n<li><a href=\"http:\/\/www.aulablog.com\/blog\/encuentro11\/\" target=\"_blank\" rel=\"noopener noreferrer\">aulaBLOG 2016<\/a> en Ciudad Rodrigo (Salamanca)<\/li>\n<li><a href=\"http:\/\/www.aulablog.com\/blog\/encuentro12\/\" target=\"_blank\" rel=\"noopener noreferrer\">aulaBLOG 2017<\/a> en Aguilar de Campoo (Palencia)<\/li>\n<li><a href=\"http:\/\/www.aulablog.com\/blog\/encuentro13\/\" target=\"_blank\" rel=\"noopener noreferrer\">aulaBLOG 2018<\/a> en Vilafranca (Castell\u00f3n)<\/li>\n<li><a href=\"http:\/\/www.aulablog.com\/blog\/encuentro14\/\" target=\"_blank\" rel=\"noopener noreferrer\">aulaBLOG 2019<\/a> en Oviedo (Asturias)<\/li>\n<li><a href=\"https:\/\/www.aulablog.com\/blog\/encuentrovirtual2020\">aulaBLOG 2020<\/a>\u00a0 I Edici\u00f3n Virtual<\/li>\n<li><a href=\"https:\/\/www.aulablog.com\/blog\/encuentrovirtual2021\/\">aulaBLOG 2021<\/a> II Edici\u00f3n virtual<\/li>\n<li><a href=\"https:\/\/www.aulablog.com\/blog\/encuentro2022\/\">aulablog 2022<\/a> en Bilbao<\/li>\n<li><a href=\"https:\/\/www.aulablog.com\/blog\/encuentro2024\/\">aulablog 2023<\/a> en Coca (Segovia)<\/li>\n<\/ol>\n<p>&nbsp;<\/p>\n<p>&nbsp;<\/p>\n<p style=\"background-color: #e3f7f9; border: 1px solid green; padding: 3px 8px;\">Contacta con aulaBLOG en <strong>info@aulablog.com<\/strong><\/p>\n<p>[\/et_pb_text][et_pb_cta title=\u00bb\u00a1No te pierdas la Declaraci\u00f3n de Coca!\u00bb button_url=\u00bbhttps:\/\/declaraciondecoca.aulablog.com\/\u00bb url_new_window=\u00bbon\u00bb button_text=\u00bbVisita la Declaraci\u00f3n de Coca\u00bb _builder_version=\u00bb4.21.0&#8243; _module_preset=\u00bbdefault\u00bb link_option_url=\u00bbhttps:\/\/declaraciondecoca.aulablog.com\/\u00bb link_option_url_new_window=\u00bbon\u00bb global_colors_info=\u00bb{}\u00bb]<\/p>\n<p>Uno de los objetivos que ten\u00edamos en este encuentro celebrado en julio del 2023 en Coca ha sido actualizar nuestra Declaraci\u00f3n de Roa. La Declaraci\u00f3n de Roa surgi\u00f3 en nuestro primer en cuentro en el 2006 \u00a1hace ya 18 a\u00f1os! y nos parec\u00eda que ya era el momento de revisarla y actualizarla.<\/p>\n<p>[\/et_pb_cta][\/et_pb_column][\/et_pb_row][\/et_pb_section]<\/p>\n","protected":false},"excerpt":{"rendered":"<p>En los Encuentros trabajamos de forma colectiva formando talleres donde aprendemos a usar nuevas aplicaciones y m\u00e9todos de trabajo \u00fatiles para nuestras clases, asistiendo a conferencias sobre los temas m\u00e1s actuales y realizando actividades conjuntas que nos entretienen. Todo ello en un ambiente de amistad y de trabajo que nos proporciona m\u00e1s motivaciones para nuestra [&hellip;]<\/p>\n","protected":false},"author":1,"featured_media":0,"parent":0,"menu_order":0,"comment_status":"open","ping_status":"closed","template":"","meta":{"_et_pb_use_builder":"on","_et_pb_old_content":"El XVI<strong> Encuentro aulaBLOG 2021<\/strong>, que celebramos los d\u00edas 2 y 3 de julio en edici\u00f3n virtual, es una reuni\u00f3n de docentes de toda Espa\u00f1a donde ponemos en com\u00fan nuestras experiencias dentro del \u00e1mbito de la educaci\u00f3n. Si quieres asistir al Encuentro, no tardes en inscribirte. Tambi\u00e9n puedes seguirnos <a title=\"Sigue a Aulablog12 en Teitter\" href=\"https:\/\/twitter.com\/#!\/search\/realtime\/%23aulablog12\" target=\"_blank\" rel=\"noopener noreferrer\">en Twitter<\/a>.\n\nEn los Encuentros trabajamos de forma colectiva formando talleres donde aprendemos a usar nuevas aplicaciones y m\u00e9todos de trabajo \u00fatiles para nuestras clases, asistiendo a <strong>conferencias<\/strong> sobre los temas m\u00e1s actuales y realizando actividades conjuntas que nos entretienen. Todo ello en un<strong> ambiente de amistad y de trabajo<\/strong> que nos proporciona m\u00e1s motivaciones para nuestra labor educativa.\n\nDesde el a\u00f1o 2006 celebramos estos encuentros anuales, que anteriormente llam\u00e1bamos <em>de Edublogs<\/em>, con el objetivo de contribuir a la renovaci\u00f3n necesaria que mejore nuestro sistema educativo y lo incorpore a la nueva Sociedad de la Informaci\u00f3n y del Conocimiento en un ambiente de creatividad, colaboraci\u00f3n y libertad. Adem\u00e1s, estas reuniones nos sirven para fortalecer lazos y amistades creadas hace ya tiempo y conocer a docentes que quieran contribuir a los objetivos ampliamente deseados por quienes nos dedicamos a la ense\u00f1anza.\n\nYa desde el primer Encuentro en Roa de Duero sab\u00edamos lo que quer\u00edamos, y lo que entonces parec\u00eda dif\u00edcil de conseguir, se ha ido incorporando poco a poco a nuestros sistemas educativos. Nuestra <a title=\"Declaraci\u00f3n de Roa\" href=\"http:\/\/aulablog.wikispaces.com\/Declaracion+de+Roa\" target=\"_blank\" rel=\"noopener noreferrer\">Declaraci\u00f3n de Roa<\/a> parec\u00eda casi una utop\u00eda en el a\u00f1o 2006, pero trece a\u00f1os despu\u00e9s hemos conseguido entre todos que sus principios nos resulten familiares.\n<blockquote>\n<p id=\"toc0\"><strong>Declaraci\u00f3n de Roa por la integraci\u00f3n de las TIC en la educaci\u00f3n<\/strong><\/p>\n<img class=\" size-full wp-image-131 alignleft\" src=\"http:\/\/www.aulablog.com\/blog\/encuentro2023\/files\/2015\/05\/bannerdeclara.png\" alt=\"bannerdeclara\" width=\"150\" height=\"121\" \/>La efectiva incorporaci\u00f3n a la Sociedad de la Informaci\u00f3n y la Comunicaci\u00f3n debe ser un objetivo prioritario para cualquier sistema educativo y para cualquier pa\u00eds. La instituci\u00f3n educativa debe asumir la responsabilidad de conseguir la alfabetizaci\u00f3n digital y el acceso de la ciudadan\u00eda a las TIC. Pero la integraci\u00f3n de las TIC necesita un impulso mucho m\u00e1s decidido por parte de toda la comunidad educativa; en consecuencia, el profesorado reunido en Roa realiza la siguiente declaraci\u00f3n por la integraci\u00f3n de las TIC en la ense\u00f1anza.\n<ol>\n \t<li>La incorporaci\u00f3n de las TIC facilita el aprendizaje y la comunicaci\u00f3n de toda la comunidad educativa, y resulta un objetivo irrenunciable.<\/li>\n \t<li>Es necesaria una pol\u00edtica decidida de las administraciones educativas para que las TIC formen parte del curr\u00edculum y se integren en \u00e9l con competencias definidas.<\/li>\n \t<li>Resulta necesaria la implementaci\u00f3n de un sistema de evaluaci\u00f3n de los modelos de integraci\u00f3n existentes y los que se puedan poner en marcha.<\/li>\n \t<li>Se debe dotar a todos los centros educativos de medios t\u00e9cnicos suficientes y funcionales. Es prioritario el acceso a Internet mediante banda ancha.<\/li>\n \t<li>La dotaci\u00f3n de medios debe ir siempre acompa\u00f1ada del personal t\u00e9cnico especializado. Adem\u00e1s, consideramos necesaria la creaci\u00f3n de la figura del animador\/a TIC, que promueva el uso de estas tecnolog\u00edas, y gu\u00ede a quienes se inician.<\/li>\n \t<li>Debe fomentarse el uso y desarrollo del software libre, puesto que est\u00e1 sirviendo de soporte para las experiencias innovadoras, que resultan econ\u00f3micamente inviables con herramientas comerciales, y porque facilita el acceso a las TIC.<\/li>\n \t<li>La formaci\u00f3n del profesorado requiere un cambio en las TIC como objeto y como medio de formaci\u00f3n e incorpore modelos pedag\u00f3gicos para su aplicaci\u00f3n el aula.<\/li>\n \t<li>Es necesario incentivar al profesorado comprometido con la innovaci\u00f3n, no solo econ\u00f3micamente.<\/li>\n \t<li>Se debe fomentar la creaci\u00f3n de comunidades profesionales modelo y redes sociales que permitan la formaci\u00f3n entre iguales, la transmisi\u00f3n de buenas pr\u00e1cticas y el trabajo cooperativo.<\/li>\n \t<li>Se debe difundir el uso de esquemas abiertos de propiedad intelectual y gesti\u00f3n de derechos de autor que fomenten el trabajo en colaboraci\u00f3n y faciliten el acceso a repositorios de recursos educativos.<\/li>\n<\/ol>\n<\/blockquote>\nNuestros encuentros han sido los siguientes:\n<ol>\n \t<li>Edublogs 2006, en Roa de Duero, Burgos.<\/li>\n \t<li>Edublogs 2007, en Ayerbe, Huesca.<\/li>\n \t<li>Edublogs 2008, en Santiago, La Coru\u00f1a.<\/li>\n \t<li>Edublogs 2009, en Getxo, Vizcaya.<\/li>\n \t<li><a title=\"Encuentro de Edublogs 2010 en Avil\u00e9s\" href=\"http:\/\/aulablog.com\/edublogs2010\/\">Edublogs 2010<\/a>, en Avil\u00e9s, Asturias.<\/li>\n \t<li><a title=\"Encuentro de Edublogs 2011 en Madrid\" href=\"http:\/\/www.aulablog.com\/blog\/edublogs11\/\" target=\"_blank\" rel=\"noopener noreferrer\">aulaBLOG\u00a02011<\/a>, en Madrid.<\/li>\n \t<li><a href=\"http:\/\/www.aulablog.com\/blog\/edublogs12\/\" target=\"_blank\" rel=\"noopener noreferrer\">aulaBLOG\u00a02012<\/a> en Pe\u00f1aranda de Bracamonte.<\/li>\n \t<li><a href=\"http:\/\/www.aulablog.com\/blog\/edublogs13\/\" target=\"_blank\" rel=\"noopener noreferrer\">aulaBLOG 2013<\/a> en Donosti.<\/li>\n \t<li><a href=\"http:\/\/www.aulablog.com\/blog\/blog\/2014\/05\/25\/encuentro-aulablog-2014-aceptas-el-reto\/\" target=\"_blank\" rel=\"noopener noreferrer\">aulaBLOG 2014<\/a> en Barcelona.<\/li>\n \t<li><a href=\"http:\/\/www.aulablog.com\/blog\/encuentro10\/\" target=\"_blank\" rel=\"noopener noreferrer\">aulaBLOG 2015<\/a> en Ubrique (C\u00e1diz)<\/li>\n \t<li><a href=\"http:\/\/www.aulablog.com\/blog\/encuentro11\/\" target=\"_blank\" rel=\"noopener noreferrer\">aulaBLOG 2016<\/a> en Ciudad Rodrigo (Salamanca)<\/li>\n \t<li><a href=\"http:\/\/www.aulablog.com\/blog\/encuentro12\/\" target=\"_blank\" rel=\"noopener noreferrer\">aulaBLOG 2017<\/a> en Aguilar de Campoo (Palencia)<\/li>\n \t<li><a href=\"http:\/\/www.aulablog.com\/blog\/encuentro13\/\" target=\"_blank\" rel=\"noopener noreferrer\">aulaBLOG 2018<\/a> en Vilafranca (Castell\u00f3n)<\/li>\n \t<li><a href=\"http:\/\/www.aulablog.com\/blog\/encuentro14\/\" target=\"_blank\" rel=\"noopener noreferrer\">aulaBLOG 2019<\/a> en Oviedo (Asturias)<\/li>\n \t<li><a href=\"https:\/\/www.aulablog.com\/blog\/encuentrovirtual2020\">aulaBLOG 2020<\/a> en Edici\u00f3n Virtual<\/li>\n<\/ol>\n<p style=\"background-color: #e3f7f9; border: 1px solid green; padding: 3px 8px;\">Contacta con aulaBLOG en <strong>info@aulablog.com<\/strong><\/p>","_et_gb_content_width":"","footnotes":""},"class_list":["post-130","page","type-page","status-publish","hentry"],"_links":{"self":[{"href":"https:\/\/www.aulablog.com\/blog\/encuentro2024\/wp-json\/wp\/v2\/pages\/130","targetHints":{"allow":["GET"]}}],"collection":[{"href":"https:\/\/www.aulablog.com\/blog\/encuentro2024\/wp-json\/wp\/v2\/pages"}],"about":[{"href":"https:\/\/www.aulablog.com\/blog\/encuentro2024\/wp-json\/wp\/v2\/types\/page"}],"author":[{"embeddable":true,"href":"https:\/\/www.aulablog.com\/blog\/encuentro2024\/wp-json\/wp\/v2\/users\/1"}],"replies":[{"embeddable":true,"href":"https:\/\/www.aulablog.com\/blog\/encuentro2024\/wp-json\/wp\/v2\/comments?post=130"}],"version-history":[{"count":10,"href":"https:\/\/www.aulablog.com\/blog\/encuentro2024\/wp-json\/wp\/v2\/pages\/130\/revisions"}],"predecessor-version":[{"id":1734,"href":"https:\/\/www.aulablog.com\/blog\/encuentro2024\/wp-json\/wp\/v2\/pages\/130\/revisions\/1734"}],"wp:attachment":[{"href":"https:\/\/www.aulablog.com\/blog\/encuentro2024\/wp-json\/wp\/v2\/media?parent=130"}],"curies":[{"name":"wp","href":"https:\/\/api.w.org\/{rel}","templated":true}]}}