{"id":1333,"date":"2023-05-19T06:58:00","date_gmt":"2023-05-19T06:58:00","guid":{"rendered":"http:\/\/www.aulablog.com\/blog\/encuentro2023\/?page_id=1333"},"modified":"2024-06-17T07:32:07","modified_gmt":"2024-06-17T07:32:07","slug":"talleres-del-encuentro","status":"publish","type":"page","link":"https:\/\/www.aulablog.com\/blog\/encuentro2024\/talleres-del-encuentro\/","title":{"rendered":"Talleres del encuentro"},"content":{"rendered":"<p>[et_pb_section fb_built=\u00bb1&#8243; _builder_version=\u00bb4.16&#8243; global_colors_info=\u00bb{}\u00bb][et_pb_row _builder_version=\u00bb4.16&#8243; global_colors_info=\u00bb{}\u00bb][et_pb_column type=\u00bb4_4&#8243; _builder_version=\u00bb4.16&#8243; custom_padding=\u00bb|||\u00bb global_colors_info=\u00bb{}\u00bb custom_padding__hover=\u00bb|||\u00bb][et_pb_post_title _builder_version=\u00bb4.17.4&#8243; global_colors_info=\u00bb{}\u00bb][\/et_pb_post_title][et_pb_tabs _builder_version=\u00bb4.25.2&#8243; hover_enabled=\u00bb0&#8243; global_colors_info=\u00bb{}\u00bb sticky_enabled=\u00bb0&#8243;][et_pb_tab title=\u00bbDise\u00f1o de materiales did\u00e1cticos con Inteligencia Artificial Generativa\u00bb _builder_version=\u00bb4.25.2&#8243; hover_enabled=\u00bb0&#8243; global_colors_info=\u00bb{}\u00bb sticky_enabled=\u00bb0&#8243;]<\/p>\n<h3><img loading=\"lazy\" decoding=\"async\" src=\"https:\/\/www.aulablog.com\/blog\/encuentro2024\/files\/2023\/05\/chat_256px.png\" width=\"111\" height=\"111\" alt=\"\" class=\"wp-image-1648 alignnone size-full\" srcset=\"https:\/\/www.aulablog.com\/blog\/encuentro2024\/files\/2023\/05\/chat_256px.png 256w, https:\/\/www.aulablog.com\/blog\/encuentro2024\/files\/2023\/05\/chat_256px-150x150.png 150w\" sizes=\"(max-width: 111px) 100vw, 111px\" \/><\/h3>\n<h3><\/h3>\n<h3>Taller: <span>Dise\u00f1o de materiales did\u00e1cticos con Inteligencia Artificial Generativa<\/span><\/h3>\n<p><span data-sheets-root=\"1\" data-sheets-value=\"{&quot;1&quot;:2,&quot;2&quot;:&quot;En este taller, descubrir\u00e1s c\u00f3mo la IA Generativa nos ayuda en el dise\u00f1o de materiales did\u00e1cticos. Crear\u00e1s recursos did\u00e1cticos espec\u00edficos para tus clases: mapas mentales, juegos did\u00e1cticos, v\u00eddeos, etc.&quot;}\" data-sheets-userformat=\"{&quot;2&quot;:513,&quot;3&quot;:{&quot;1&quot;:0},&quot;12&quot;:0}\">En este taller, descubrir\u00e1s c\u00f3mo la IA Generativa nos ayuda en el dise\u00f1o de materiales did\u00e1cticos. Crear\u00e1s recursos did\u00e1cticos espec\u00edficos para tus clases: mapas mentales, juegos did\u00e1cticos, v\u00eddeos, etc.<\/span><\/p>\n<p><span><strong>Necesidades del taller<\/strong>: <strong>Ordenador. Hacer una cuenta registrada<\/strong> en:<\/span><\/p>\n<ul>\n<li><span> Canva Educaci\u00f3n &#8211; https:\/\/www.canva.com\/es_es\/educacion\/\u00a0<\/span><\/li>\n<li><span>Microsoft Designer &#8211; https:\/\/designer.microsoft.com<\/span><\/li>\n<li><span>ChatGPT &#8211; https:\/\/chat.openai.com\/ .<\/span><\/li>\n<\/ul>\n<p><span>Profesorado en general.<\/span><\/p>\n<p><span>Impartido por <span style=\"color: #0000ff;\"><strong>C\u00e9sar Poyatos Dorado<\/strong><\/span><\/span><\/p>\n<p><span style=\"color: #993300;\"><strong>S\u00e1bado 6 de 9:30 a 11:30<\/strong><\/span><\/p>\n<p>[\/et_pb_tab][et_pb_tab title=\u00bb  1, 2, 3, ABP\u00bb _builder_version=\u00bb4.25.2&#8243; global_colors_info=\u00bb{}\u00bb]<\/p>\n<h2><img loading=\"lazy\" decoding=\"async\" src=\"https:\/\/www.aulablog.com\/blog\/encuentro2024\/files\/2023\/05\/pin_256px.png\" width=\"110\" height=\"110\" alt=\"\" class=\"wp-image-1649 alignnone size-full\" srcset=\"https:\/\/www.aulablog.com\/blog\/encuentro2024\/files\/2023\/05\/pin_256px.png 256w, https:\/\/www.aulablog.com\/blog\/encuentro2024\/files\/2023\/05\/pin_256px-150x150.png 150w\" sizes=\"(max-width: 110px) 100vw, 110px\" \/><\/h2>\n<h2><span>Taller: 1, 2, 3, ABP <\/span><\/h2>\n<p><span>Basado en la metodolog\u00eda de \u00ab3 acts Maths\u00bb de Dan Meyer. Se vivir\u00e1 experiencialmente el Aprendizaje Basado en Problemas. Aunque de \u00edndole cient\u00edfico-matem\u00e1tico tambi\u00e9n es aplicable a otras ramas.<\/p>\n<p><\/span><\/p>\n<p><span><strong>Necesidades del taller<\/strong>: Medio para escribir..<\/span><\/p>\n<p><span>Profesorado de Primaria y Secundaria<\/span><\/p>\n<p><span>Impartido por <span style=\"color: #0000ff;\"><strong>Jos\u00e9 Frutos Esteban<\/strong><\/span><\/span><\/p>\n<p><span style=\"color: #993300;\"><strong>S\u00e1bado 6 de 9:30 a 11:30<\/strong><\/span><\/p>\n<p>[\/et_pb_tab][et_pb_tab title=\u00bbM\u00fasica y movimiento: Audici\u00f3n activa en el aula de infantil y primaria\u00bb _builder_version=\u00bb4.25.2&#8243; global_colors_info=\u00bb{}\u00bb]<\/p>\n<h3><img loading=\"lazy\" decoding=\"async\" src=\"https:\/\/www.aulablog.com\/blog\/encuentro2024\/files\/2023\/05\/lightbulb_256px.png\" width=\"110\" height=\"110\" alt=\"\" class=\"wp-image-1650 alignnone size-full\" srcset=\"https:\/\/www.aulablog.com\/blog\/encuentro2024\/files\/2023\/05\/lightbulb_256px.png 256w, https:\/\/www.aulablog.com\/blog\/encuentro2024\/files\/2023\/05\/lightbulb_256px-150x150.png 150w\" sizes=\"(max-width: 110px) 100vw, 110px\" \/><\/h3>\n<h3><span>Taller: M\u00fasica y movimiento: Audici\u00f3n activa en el aula de infantil y primaria<\/span><\/h3>\n<p><span data-sheets-root=\"1\" data-sheets-value=\"{&quot;1&quot;:2,&quot;2&quot;:&quot;Se mostrar\u00e1n y se vivenciar\u00e1n diferentes propuestas creativas musicales adaptables y aplicables al aula de infantil, primaria e incluso en los primeros niveles de la ESO. La m\u00fasica folcl\u00f3rica, el movimiento y el juego ir\u00e1n de la mano en estas actividades musicales.&quot;}\" data-sheets-userformat=\"{&quot;2&quot;:513,&quot;3&quot;:{&quot;1&quot;:0},&quot;12&quot;:0}\">Se mostrar\u00e1n y se vivenciar\u00e1n diferentes propuestas creativas musicales adaptables y aplicables al aula de infantil, primaria e incluso en los primeros niveles de la ESO. La m\u00fasica folcl\u00f3rica, el movimiento y el juego ir\u00e1n de la mano en estas actividades musicales.<\/span><\/p>\n<p><span><strong>Necesidades del taller<\/strong>: Ropa c\u00f3moda .<\/span><\/p>\n<p><span>Profeosrado de Primaria<\/span><\/p>\n<p><span>Impartido por <strong><span style=\"color: #0000ff;\">Antonio Arjona Dom\u00ednguez<\/span><\/strong><\/span><\/p>\n<p><span style=\"color: #993300;\"><strong>S\u00e1bado 6 de 9:00 a 11:30<\/strong><\/span><\/p>\n<p>[\/et_pb_tab][et_pb_tab title=\u00bbEl lado oscuro de la docencia \u00bb _builder_version=\u00bb4.25.2&#8243; global_colors_info=\u00bb{}\u00bb]<\/p>\n<h3><img loading=\"lazy\" decoding=\"async\" src=\"https:\/\/www.aulablog.com\/blog\/encuentro2024\/files\/2023\/05\/lock_256px.png\" width=\"110\" height=\"110\" alt=\"\" class=\"wp-image-1651 alignnone size-full\" srcset=\"https:\/\/www.aulablog.com\/blog\/encuentro2024\/files\/2023\/05\/lock_256px.png 256w, https:\/\/www.aulablog.com\/blog\/encuentro2024\/files\/2023\/05\/lock_256px-150x150.png 150w\" sizes=\"(max-width: 110px) 100vw, 110px\" \/><\/h3>\n<h3><\/h3>\n<h3>Taller: <span data-sheets-root=\"1\" data-sheets-value=\"{&quot;1&quot;:2,&quot;2&quot;:&quot;El lado oscuro de la docencia &quot;}\" data-sheets-userformat=\"{&quot;2&quot;:513,&quot;3&quot;:{&quot;1&quot;:0},&quot;12&quot;:0}\">El lado oscuro de la docencia <\/span><\/h3>\n<p><span data-sheets-root=\"1\" data-sheets-value=\"{&quot;1&quot;:2,&quot;2&quot;:&quot;Educar en el aula es sin\u00f3nimo de v\u00ednculo y retrospectiva personal y profesional. \u00bfC\u00f3mo nos vemos, qu\u00e9 se nos mueve?  \u00bfc\u00f3mo reflexionamos para acompa\u00f1ar a la infancia y la adolescencia con dignidad? Un viaje en el que descubrir que ellos y ellas no necesitan al profesor o profesora perfecto, pero s\u00ed a aquel que se esfuerza en crecer y evolucionar.&quot;}\" data-sheets-userformat=\"{&quot;2&quot;:513,&quot;3&quot;:{&quot;1&quot;:0},&quot;12&quot;:0}\">Educar en el aula es sin\u00f3nimo de v\u00ednculo y retrospectiva personal y profesional. \u00bfC\u00f3mo nos vemos, qu\u00e9 se nos mueve? \u00bfc\u00f3mo reflexionamos para acompa\u00f1ar a la infancia y la adolescencia con dignidad? Un viaje en el que descubrir que ellos y ellas no necesitan al profesor o profesora perfecto, pero s\u00ed a aquel que se esfuerza en crecer y evolucionar.<\/span><\/p>\n<p><span><strong>Necesidades del taller<\/strong>: Cuadernos y rotuladores o pinturas.<\/span><\/p>\n<p><span>Profesoado de Infantil.<\/span><\/p>\n<p><span>Impartido por <strong><span style=\"color: #0000ff;\">Antonela Moniente y Loli Garc\u00eda\u00a0<\/span><\/strong><\/span><\/p>\n<p><span style=\"color: #993300;\"><strong>S\u00e1bado 6 de 9:30 a 11:30<\/strong><\/span><\/p>\n<p>[\/et_pb_tab][et_pb_tab title=\u00bbDise\u00f1o de un plan de evaluaci\u00f3n con Inteligencia Artificial\u00bb _builder_version=\u00bb4.25.2&#8243; hover_enabled=\u00bb0&#8243; global_colors_info=\u00bb{}\u00bb sticky_enabled=\u00bb0&#8243;]<\/p>\n<h3><img loading=\"lazy\" decoding=\"async\" src=\"https:\/\/www.aulablog.com\/blog\/encuentro2024\/files\/2023\/05\/global_256px.png\" width=\"110\" height=\"110\" alt=\"\" class=\"wp-image-1643 alignnone size-full\" srcset=\"https:\/\/www.aulablog.com\/blog\/encuentro2024\/files\/2023\/05\/global_256px.png 256w, https:\/\/www.aulablog.com\/blog\/encuentro2024\/files\/2023\/05\/global_256px-150x150.png 150w\" sizes=\"(max-width: 110px) 100vw, 110px\" \/><\/h3>\n<h3>Taller: <span>Dise\u00f1o de un plan de evaluaci\u00f3n con Inteligencia Artificial<\/span><\/h3>\n<p><span>Utiliza el chatGPT como herramienta para dise\u00f1ar el plan de evaluaci\u00f3n de tu situaci\u00f3n de aprendizaje. <\/span><\/p>\n<p><strong>Necesidades del taller:<\/strong> <span data-sheets-root=\"1\" data-sheets-value=\"{&quot;1&quot;:2,&quot;2&quot;:&quot;Dispositivo M\u00f3vil (Tablet, Chromebook o Port\u00e1til)&quot;}\" data-sheets-userformat=\"{&quot;2&quot;:513,&quot;3&quot;:{&quot;1&quot;:0},&quot;12&quot;:0}\">Dispositivo M\u00f3vil (Tablet, Chromebook o Port\u00e1til)<\/span><\/p>\n<p>Impartido por <strong><span style=\"color: #0000ff;\">Jorge G\u00f3mez Garc\u00eda<\/span><\/strong><\/p>\n<p><strong style=\"color: #993300;\">Sabado 6 de 18:30 a 20:00<\/strong><\/p>\n<p>[\/et_pb_tab][et_pb_tab title=\u00bbM\u00e1s all\u00e1 del chatGPT\u00bb _builder_version=\u00bb4.25.2&#8243; global_colors_info=\u00bb{}\u00bb]<\/p>\n<h2><img loading=\"lazy\" decoding=\"async\" src=\"https:\/\/www.aulablog.com\/blog\/encuentro2024\/files\/2023\/05\/book_256px-1.png\" width=\"110\" height=\"110\" alt=\"\" class=\"wp-image-1653 alignnone size-full\" srcset=\"https:\/\/www.aulablog.com\/blog\/encuentro2024\/files\/2023\/05\/book_256px-1.png 256w, https:\/\/www.aulablog.com\/blog\/encuentro2024\/files\/2023\/05\/book_256px-1-150x150.png 150w\" sizes=\"(max-width: 110px) 100vw, 110px\" \/><\/h2>\n<h2>Taller: <span data-sheets-root=\"1\" data-sheets-value=\"{&quot;1&quot;:2,&quot;2&quot;:&quot;M\u00e1s all\u00e1 del chatGPT&quot;}\" data-sheets-userformat=\"{&quot;2&quot;:515,&quot;3&quot;:{&quot;1&quot;:0},&quot;4&quot;:{&quot;1&quot;:2,&quot;2&quot;:13689059},&quot;12&quot;:0}\">M\u00e1s all\u00e1 del chatGPT<\/span><\/h2>\n<p><span data-sheets-root=\"1\" data-sheets-value=\"{&quot;1&quot;:2,&quot;2&quot;:&quot;Vamos a explorar que otras herramientas existen m\u00e1s all\u00e1 de los chats conversacionales y que pueden ayudarnos a nuestra tarea docente &quot;}\" data-sheets-userformat=\"{&quot;2&quot;:515,&quot;3&quot;:{&quot;1&quot;:0},&quot;4&quot;:{&quot;1&quot;:2,&quot;2&quot;:13689059},&quot;12&quot;:0}\">Vamos a explorar que otras herramientas existen m\u00e1s all\u00e1 de los chats conversacionales y que pueden ayudarnos a nuestra tarea docente <\/span><\/p>\n<p><span data-sheets-value=\"{&quot;1&quot;:2,&quot;2&quot;:&quot;1. Breve introducci\u00f3n sobre algunos aspectos de los VALORES: qu\u00e9 son, c\u00f3mo se van formando en la persona, su importancia, sus riesgos, ... \\n2. El Modelo Triaxial de los VALORES de Simon Dolan. Ejercicio pr\u00e1ctico de identificaci\u00f3n de los propios VALORES FUNDAMENTALES.\\n3. Presentaci\u00f3n del Proyecto VALOR-ARTE\\n4. Coloquio final y despedida&quot;}\" data-sheets-userformat=\"{&quot;2&quot;:513,&quot;3&quot;:{&quot;1&quot;:0},&quot;12&quot;:0}\"><strong>Necesidades del taller<\/strong>: Un dispositivo con conexi\u00f3n a Internet.<\/span><\/p>\n<p><span data-sheets-value=\"{&quot;1&quot;:2,&quot;2&quot;:&quot;1. Breve introducci\u00f3n sobre algunos aspectos de los VALORES: qu\u00e9 son, c\u00f3mo se van formando en la persona, su importancia, sus riesgos, ... \\n2. El Modelo Triaxial de los VALORES de Simon Dolan. Ejercicio pr\u00e1ctico de identificaci\u00f3n de los propios VALORES FUNDAMENTALES.\\n3. Presentaci\u00f3n del Proyecto VALOR-ARTE\\n4. Coloquio final y despedida&quot;}\" data-sheets-userformat=\"{&quot;2&quot;:513,&quot;3&quot;:{&quot;1&quot;:0},&quot;12&quot;:0}\">Profesorado en genral.<\/span><\/p>\n<p>Impartido por <strong><span style=\"color: #0000ff;\">Charo Fern\u00e1ndez Aguirre<\/span><\/strong><\/p>\n<p><strong><span data-sheets-value=\"{&quot;1&quot;:2,&quot;2&quot;:&quot;1. Breve introducci\u00f3n sobre algunos aspectos de los VALORES: qu\u00e9 son, c\u00f3mo se van formando en la persona, su importancia, sus riesgos, ... \\n2. El Modelo Triaxial de los VALORES de Simon Dolan. Ejercicio pr\u00e1ctico de identificaci\u00f3n de los propios VALORES FUNDAMENTALES.\\n3. Presentaci\u00f3n del Proyecto VALOR-ARTE\\n4. Coloquio final y despedida&quot;}\" data-sheets-userformat=\"{&quot;2&quot;:513,&quot;3&quot;:{&quot;1&quot;:0},&quot;12&quot;:0}\" style=\"color: #993300;\">S\u00e1bado 8 de 16:30 a 18:30<\/span><\/strong><\/p>\n<p>[\/et_pb_tab][et_pb_tab title=\u00bbConvivencia participativa\u00bb _builder_version=\u00bb4.25.2&#8243; global_colors_info=\u00bb{}\u00bb]<\/p>\n<h3><img loading=\"lazy\" decoding=\"async\" src=\"https:\/\/www.aulablog.com\/blog\/encuentro2024\/files\/2023\/05\/star_256px.png\" width=\"110\" height=\"110\" alt=\"\" class=\"wp-image-1661 alignnone size-full\" srcset=\"https:\/\/www.aulablog.com\/blog\/encuentro2024\/files\/2023\/05\/star_256px.png 256w, https:\/\/www.aulablog.com\/blog\/encuentro2024\/files\/2023\/05\/star_256px-150x150.png 150w\" sizes=\"(max-width: 110px) 100vw, 110px\" \/><\/h3>\n<h3><span>Taller: Convivencia participativa<\/span><\/h3>\n<p><span data-sheets-root=\"1\" data-sheets-value=\"{&quot;1&quot;:2,&quot;2&quot;:&quot;Dise\u00f1ar materiales con IA para para generar pensamiento cr\u00edtico y creativo en torno a situaciones de convivencia escolar. Todo ello dentro de un marco participativo que nace del alumnado, preparado y organizado por el alumnado, para uso del alumnado.&quot;}\" data-sheets-userformat=\"{&quot;2&quot;:515,&quot;3&quot;:{&quot;1&quot;:0},&quot;4&quot;:{&quot;1&quot;:2,&quot;2&quot;:13689059},&quot;12&quot;:0}\">Dise\u00f1ar materiales con IA para para generar pensamiento cr\u00edtico y creativo en torno a situaciones de convivencia escolar. Todo ello dentro de un marco participativo que nace del alumnado, preparado y organizado por el alumnado, para uso del alumnado.<\/span><\/p>\n<p><span data-sheets-value=\"{&quot;1&quot;:2,&quot;2&quot;:&quot;Taller donde se mostrar\u00e1 el proyecto Aula del Futuro y se realizar\u00e1 de forma pr\u00e1ctica una situaci\u00f3n de aprendizaje, con actividades en las distintas zonas (Investiga, Explora, Desarrolla, Interact\u00faa, Crea y Presenta). El n\u00famero m\u00e1ximo  recomendable de participantes es de 18.&quot;}\" data-sheets-userformat=\"{&quot;2&quot;:513,&quot;3&quot;:{&quot;1&quot;:0},&quot;12&quot;:0}\"><strong>Necesidades del taller<\/strong>: Dispositivos m\u00f3viles, cuadernos y rotus<\/span><\/p>\n<p><span data-sheets-value=\"{&quot;1&quot;:2,&quot;2&quot;:&quot;Taller donde se mostrar\u00e1 el proyecto Aula del Futuro y se realizar\u00e1 de forma pr\u00e1ctica una situaci\u00f3n de aprendizaje, con actividades en las distintas zonas (Investiga, Explora, Desarrolla, Interact\u00faa, Crea y Presenta). El n\u00famero m\u00e1ximo  recomendable de participantes es de 18.&quot;}\" data-sheets-userformat=\"{&quot;2&quot;:513,&quot;3&quot;:{&quot;1&quot;:0},&quot;12&quot;:0}\">Profesorado de Primaria<\/span><\/p>\n<p>&nbsp;<\/p>\n<p><span>Impartido por <strong><span style=\"color: #0000ff;\">Montse Poyatos y Jos\u00e9 A. Ram\u00edrez<\/span><\/strong><\/span><\/p>\n<p><span style=\"color: #993300;\"><strong>S\u00e1bado 6 de 18:30 a 20:00<\/strong><\/span><\/p>\n<p>[\/et_pb_tab][et_pb_tab title=\u00bbHerramientas TIC para la gesti\u00f3n de aula\u00bb _builder_version=\u00bb4.25.2&#8243; hover_enabled=\u00bb0&#8243; global_colors_info=\u00bb{}\u00bb sticky_enabled=\u00bb0&#8243;]<\/p>\n<h3><img loading=\"lazy\" decoding=\"async\" src=\"https:\/\/www.aulablog.com\/blog\/encuentro2024\/files\/2023\/05\/tablet_256px.png\" width=\"109\" height=\"109\" alt=\"\" class=\"wp-image-1660 alignnone size-full\" srcset=\"https:\/\/www.aulablog.com\/blog\/encuentro2024\/files\/2023\/05\/tablet_256px.png 256w, https:\/\/www.aulablog.com\/blog\/encuentro2024\/files\/2023\/05\/tablet_256px-150x150.png 150w\" sizes=\"(max-width: 109px) 100vw, 109px\" \/><\/h3>\n<h3><span>Taller: Herramientas TIC para la gesti\u00f3n de aula<\/span><\/h3>\n<p><span data-sheets-root=\"1\" data-sheets-value=\"{&quot;1&quot;:2,&quot;2&quot;:&quot;\u00bfSab\u00edas que se estima que un o una profesora toma 250 decisiones durante una hora de clase? Quiz\u00e1 por eso la buena gesti\u00f3n de aula sea una de las habilidades docentes m\u00e1s importantes y a la vez m\u00e1s dificiles de dominar. En este taller aprenderemos c\u00f3mo podemos liderar el aula de una forma eficiente y c\u00f3mo la tecnolog\u00eda puede ayudarnos a tomar decisiones.&quot;}\" data-sheets-userformat=\"{&quot;2&quot;:513,&quot;3&quot;:{&quot;1&quot;:0},&quot;12&quot;:0}\">\u00bfSab\u00edas que se estima que un o una profesora toma 250 decisiones durante una hora de clase? Quiz\u00e1 por eso la buena gesti\u00f3n de aula sea una de las habilidades docentes m\u00e1s importantes y a la vez m\u00e1s dificiles de dominar. En este taller aprenderemos c\u00f3mo podemos liderar el aula de una forma eficiente y c\u00f3mo la tecnolog\u00eda puede ayudarnos a tomar decisiones.<\/span><\/p>\n<p><span data-sheets-value=\"{&quot;1&quot;:2,&quot;2&quot;:&quot;Taller donde se mostrar\u00e1 el proyecto Aula del Futuro y se realizar\u00e1 de forma pr\u00e1ctica una situaci\u00f3n de aprendizaje, con actividades en las distintas zonas (Investiga, Explora, Desarrolla, Interact\u00faa, Crea y Presenta). El n\u00famero m\u00e1ximo  recomendable de participantes es de 18.&quot;}\" data-sheets-userformat=\"{&quot;2&quot;:513,&quot;3&quot;:{&quot;1&quot;:0},&quot;12&quot;:0}\"><strong>Necesidades del taller<\/strong>: Ordenador o tablet<\/span><\/p>\n<p><span data-sheets-value=\"{&quot;1&quot;:2,&quot;2&quot;:&quot;Taller donde se mostrar\u00e1 el proyecto Aula del Futuro y se realizar\u00e1 de forma pr\u00e1ctica una situaci\u00f3n de aprendizaje, con actividades en las distintas zonas (Investiga, Explora, Desarrolla, Interact\u00faa, Crea y Presenta). El n\u00famero m\u00e1ximo  recomendable de participantes es de 18.&quot;}\" data-sheets-userformat=\"{&quot;2&quot;:513,&quot;3&quot;:{&quot;1&quot;:0},&quot;12&quot;:0}\">Profesorado de Secundaria Obligatoria<\/span><\/p>\n<p>&nbsp;<\/p>\n<p><span>Impartido por <strong><span style=\"color: #0000ff;\">Abraham Guti\u00e9rrez<\/span><\/strong><\/span><\/p>\n<p><span style=\"color: #993300;\"><strong>S\u00e1bado 6 de 18:30 a 20:00<\/strong><\/span><\/p>\n<p>[\/et_pb_tab][\/et_pb_tabs][\/et_pb_column][\/et_pb_row][\/et_pb_section]<\/p>\n","protected":false},"excerpt":{"rendered":"<p>Taller: Dise\u00f1o de materiales did\u00e1cticos con Inteligencia Artificial Generativa En este taller, descubrir\u00e1s c\u00f3mo la IA Generativa nos ayuda en el dise\u00f1o de materiales did\u00e1cticos. Crear\u00e1s recursos did\u00e1cticos espec\u00edficos para tus clases: mapas mentales, juegos did\u00e1cticos, v\u00eddeos, etc. Necesidades del taller: Ordenador. Hacer una cuenta registrada en: Canva Educaci\u00f3n &#8211; https:\/\/www.canva.com\/es_es\/educacion\/\u00a0 Microsoft Designer &#8211; https:\/\/designer.microsoft.com [&hellip;]<\/p>\n","protected":false},"author":5,"featured_media":0,"parent":0,"menu_order":0,"comment_status":"open","ping_status":"closed","template":"","meta":{"_et_pb_use_builder":"on","_et_pb_old_content":"[et_pb_section fb_built=\"1\" _builder_version=\"3.19.18\"][et_pb_row _builder_version=\"3.19.18\"][et_pb_column type=\"4_4\" _builder_version=\"3.19.18\"][et_pb_post_title _builder_version=\"3.19.18\"][\/et_pb_post_title][et_pb_tabs _builder_version=\"3.19.18\"][et_pb_tab title=\"Javier Ramos - Educaci\u00f3n online\" _builder_version=\"3.19.18\"]\n<h3>Gesti\u00f3n y organizacion con planes de trabajo en tiempos de COVID.<\/h3>\nhttps:\/\/youtu.be\/2cmqQWSCi_M\n\n[\/et_pb_tab][et_pb_tab title=\"Jos\u00e9 Ram\u00edrez - Cuentos en pijama\" _builder_version=\"3.19.18\"]\n<h2>Cuentos en pijama<\/h2>\nhttps:\/\/youtu.be\/t-GfbRpxVjo\n\n[\/et_pb_tab][et_pb_tab title=\"Lidia Gonz\u00e1lez - Titirianeja\" _builder_version=\"3.19.18\"]\n<h2>Titirianeja: t\u00edteres y m\u00fasica para toda la escuela.<\/h2>\nhttps:\/\/youtu.be\/aaNd02KSaXE\n\n[\/et_pb_tab][\/et_pb_tabs][\/et_pb_column][\/et_pb_row][\/et_pb_section]","_et_gb_content_width":"","footnotes":""},"class_list":["post-1333","page","type-page","status-publish","hentry"],"_links":{"self":[{"href":"https:\/\/www.aulablog.com\/blog\/encuentro2024\/wp-json\/wp\/v2\/pages\/1333","targetHints":{"allow":["GET"]}}],"collection":[{"href":"https:\/\/www.aulablog.com\/blog\/encuentro2024\/wp-json\/wp\/v2\/pages"}],"about":[{"href":"https:\/\/www.aulablog.com\/blog\/encuentro2024\/wp-json\/wp\/v2\/types\/page"}],"author":[{"embeddable":true,"href":"https:\/\/www.aulablog.com\/blog\/encuentro2024\/wp-json\/wp\/v2\/users\/5"}],"replies":[{"embeddable":true,"href":"https:\/\/www.aulablog.com\/blog\/encuentro2024\/wp-json\/wp\/v2\/comments?post=1333"}],"version-history":[{"count":9,"href":"https:\/\/www.aulablog.com\/blog\/encuentro2024\/wp-json\/wp\/v2\/pages\/1333\/revisions"}],"predecessor-version":[{"id":1796,"href":"https:\/\/www.aulablog.com\/blog\/encuentro2024\/wp-json\/wp\/v2\/pages\/1333\/revisions\/1796"}],"wp:attachment":[{"href":"https:\/\/www.aulablog.com\/blog\/encuentro2024\/wp-json\/wp\/v2\/media?parent=1333"}],"curies":[{"name":"wp","href":"https:\/\/api.w.org\/{rel}","templated":true}]}}