{"id":1506,"date":"2022-05-26T09:50:49","date_gmt":"2022-05-26T09:50:49","guid":{"rendered":"https:\/\/www.aulablog.com\/blog\/encuentro2022\/?page_id=1506"},"modified":"2024-06-02T17:13:32","modified_gmt":"2024-06-02T17:13:32","slug":"ponentes","status":"publish","type":"page","link":"https:\/\/www.aulablog.com\/blog\/encuentro2024\/ponentes\/","title":{"rendered":"Ponentes"},"content":{"rendered":"<p>[et_pb_section fb_built=\u00bb1&#8243; _builder_version=\u00bb4.17.4&#8243; _module_preset=\u00bbdefault\u00bb global_colors_info=\u00bb{}\u00bb][et_pb_row _builder_version=\u00bb4.17.4&#8243; _module_preset=\u00bbdefault\u00bb global_colors_info=\u00bb{}\u00bb][et_pb_column type=\u00bb4_4&#8243; _builder_version=\u00bb4.17.4&#8243; _module_preset=\u00bbdefault\u00bb global_colors_info=\u00bb{}\u00bb][et_pb_testimonial _builder_version=\u00bb4.25.1&#8243; _module_preset=\u00bbdefault\u00bb hover_enabled=\u00bb0&#8243; global_colors_info=\u00bb{}\u00bb sticky_enabled=\u00bb0&#8243;]<\/p>\n<div class=\"et_pb_testimonial_description_inner\">\n<p><img loading=\"lazy\" decoding=\"async\" src=\"https:\/\/www.aulablog.com\/blog\/encuentro2024\/files\/2024\/06\/WhatsApp-Image-2024-06-01-at-15.32.02-240x300.jpeg\" width=\"240\" height=\"300\" alt=\"\" class=\"wp-image-1775 alignnone size-medium\" \/><\/p>\n<h1>Yvette Delhom<\/h1>\n<h3><strong style=\"font-size: 16px;\">Ponencia: El arte de educar.<\/strong><\/h3>\n<div class=\"et_pb_testimonial_content\">\n<p>Una conferencia con formato de taller activo y pr\u00e1ctico poniendo a la M\u00fasica y Las Artes como eje transversal a la educaci\u00f3n. Una propuesta viva en la que conectar con nuestro lado art\u00edstico, musical y human\u00edstico experimentando el potencial de la m\u00fasica en nuestras aulas en cualquier etapa o materia educativa.<br \/><span style=\"font-weight: 400;\"><\/span><\/p>\n<div>\n<p><span style=\"color: #0000ff;\">Viernes 5 de julio 16:45<\/span><\/p>\n<\/div>\n<\/div>\n<\/div>\n<p>[\/et_pb_testimonial][et_pb_testimonial _builder_version=\u00bb4.25.1&#8243; _module_preset=\u00bbdefault\u00bb hover_enabled=\u00bb0&#8243; global_colors_info=\u00bb{}\u00bb sticky_enabled=\u00bb0&#8243;]<\/p>\n<div class=\"et_pb_testimonial_description_inner\">\n<p><img loading=\"lazy\" decoding=\"async\" src=\"https:\/\/www.aulablog.com\/blog\/encuentro2024\/files\/2024\/06\/fergago.jpeg\" width=\"174\" height=\"289\" alt=\"\" class=\"wp-image-1780 alignnone size-full\" \/><\/p>\n<h1>Maria Fern\u00e1ndez Gago<\/h1>\n<p><span>Diplomada en Magisterio musical y Licenciada en Historia y Ciencia de la M\u00fasica por la Universidad de Valladolid. T\u00edtulo de profesora de acorde\u00f3n por el Conservatorio de Valladolid.<\/span><\/p>\n<h3><strong style=\"font-size: 16px;\">Presentaci\u00f3n de Materiales\u00a0 Campus FAD : <em>Be Critical: Arma de construcci\u00f3n masiva.<\/em><\/strong><\/h3>\n<p><strong style=\"font-size: 16px;\"><em><img loading=\"lazy\" decoding=\"async\" src=\"https:\/\/www.aulablog.com\/blog\/encuentro2024\/files\/2024\/06\/WhatsApp-Image-2024-06-01-at-15.36.02-300x161.jpeg\" width=\"300\" height=\"161\" alt=\"\" class=\"wp-image-1779 alignnone size-medium\" \/><\/em><\/strong><\/p>\n<div class=\"et_pb_testimonial_content\">\n<p>Curso para la capacitaci\u00f3n docente en pensamiento cr\u00edtico, alfabetizaci\u00f3n digital y medi\u00e1tica, y ocio digital juvenil<br \/><span style=\"font-weight: 400;\"><\/span><\/p>\n<div>\n<p><span style=\"color: #0000ff;\">Viernes 5 de julio 18:45<\/span><\/p>\n<\/div>\n<\/div>\n<\/div>\n<p>[\/et_pb_testimonial][et_pb_testimonial _builder_version=\u00bb4.25.1&#8243; _module_preset=\u00bbdefault\u00bb hover_enabled=\u00bb0&#8243; global_colors_info=\u00bb{}\u00bb sticky_enabled=\u00bb0&#8243;]<\/p>\n<div class=\"et_pb_testimonial_description_inner\">\n<div class=\"et_pb_testimonial_content\">\n<h2><img loading=\"lazy\" decoding=\"async\" src=\"https:\/\/www.aulablog.com\/blog\/encuentro2024\/files\/2024\/06\/WhatsApp-Image-2024-06-01-at-15.43.56-187x300.jpeg\" width=\"187\" height=\"300\" alt=\"\" class=\"wp-image-1776 alignnone size-medium\" \/><\/h2>\n<h1>Carolina Palencia<\/h1>\n<div><strong style=\"font-size: 16px;\">Ponencia: <em>De raiz: el folklore en las aulas<\/em><\/strong><span style=\"font-size: 16px;\">.<\/span><\/div>\n<p>Una comunicaci\u00f3n activa para mostrar la importancia y el uso del folklore en el aula con muestras del alumnado e interpretaci\u00f3n por parte de los participantes. <br \/><span style=\"color: #ff6600;\">**Imprescindible acudir con dos cucharas soperas de aluminio para participar.<\/span><\/p>\n<div><span style=\"color: #0000ff;\">Domingo 7 de julio 10:30<\/span><\/div>\n<\/div>\n<\/div>\n<p>[\/et_pb_testimonial][et_pb_testimonial _builder_version=\u00bb4.25.1&#8243; _module_preset=\u00bbdefault\u00bb hover_enabled=\u00bb0&#8243; global_colors_info=\u00bb{}\u00bb sticky_enabled=\u00bb0&#8243;]<\/p>\n<div class=\"et_pb_testimonial_description_inner\">\n<div class=\"et_pb_testimonial_content\">\n<h2><img loading=\"lazy\" decoding=\"async\" src=\"https:\/\/www.aulablog.com\/blog\/encuentro2024\/files\/2024\/06\/WhatsApp-Image-2024-06-01-at-15.32.45-204x300.jpeg\" width=\"204\" height=\"300\" alt=\"\" class=\"wp-image-1778 alignnone size-medium\" \/><\/h2>\n<h1>Enrique Iglesias<\/h1>\n<div><strong style=\"font-size: 16px;\">Ponencia: <em>Corolog<\/em><\/strong><span style=\"font-size: 16px;\">.<em><strong>La importancia de la voz en el profesorado<\/strong><\/em><\/span><\/div>\n<p>Una ponencia de clausura activa con t\u00e9cnicas y din\u00e1micas para el cuidado de nuestra voz en el d\u00eda a d\u00eda y la emoci\u00f3n de cantar en coro.<\/p>\n<div><span style=\"color: #0000ff;\">Domingo 7 de julio 12:00<\/span><\/div>\n<\/div>\n<\/div>\n<p>[\/et_pb_testimonial][\/et_pb_column][\/et_pb_row][\/et_pb_section]<\/p>\n","protected":false},"excerpt":{"rendered":"<p>Yvette Delhom Ponencia: El arte de educar. Una conferencia con formato de taller activo y pr\u00e1ctico poniendo a la M\u00fasica y Las Artes como eje transversal a la educaci\u00f3n. Una propuesta viva en la que conectar con nuestro lado art\u00edstico, musical y human\u00edstico experimentando el potencial de la m\u00fasica en nuestras aulas en cualquier etapa [&hellip;]<\/p>\n","protected":false},"author":5,"featured_media":0,"parent":0,"menu_order":0,"comment_status":"closed","ping_status":"closed","template":"","meta":{"_et_pb_use_builder":"on","_et_pb_old_content":"","_et_gb_content_width":"","footnotes":""},"class_list":["post-1506","page","type-page","status-publish","hentry"],"_links":{"self":[{"href":"https:\/\/www.aulablog.com\/blog\/encuentro2024\/wp-json\/wp\/v2\/pages\/1506","targetHints":{"allow":["GET"]}}],"collection":[{"href":"https:\/\/www.aulablog.com\/blog\/encuentro2024\/wp-json\/wp\/v2\/pages"}],"about":[{"href":"https:\/\/www.aulablog.com\/blog\/encuentro2024\/wp-json\/wp\/v2\/types\/page"}],"author":[{"embeddable":true,"href":"https:\/\/www.aulablog.com\/blog\/encuentro2024\/wp-json\/wp\/v2\/users\/5"}],"replies":[{"embeddable":true,"href":"https:\/\/www.aulablog.com\/blog\/encuentro2024\/wp-json\/wp\/v2\/comments?post=1506"}],"version-history":[{"count":8,"href":"https:\/\/www.aulablog.com\/blog\/encuentro2024\/wp-json\/wp\/v2\/pages\/1506\/revisions"}],"predecessor-version":[{"id":1781,"href":"https:\/\/www.aulablog.com\/blog\/encuentro2024\/wp-json\/wp\/v2\/pages\/1506\/revisions\/1781"}],"wp:attachment":[{"href":"https:\/\/www.aulablog.com\/blog\/encuentro2024\/wp-json\/wp\/v2\/media?parent=1506"}],"curies":[{"name":"wp","href":"https:\/\/api.w.org\/{rel}","templated":true}]}}