{"id":37,"date":"2015-04-21T17:03:08","date_gmt":"2015-04-21T17:03:08","guid":{"rendered":"http:\/\/www.aulablog.com\/blog\/encuentrovirtual2021\/?page_id=37"},"modified":"2021-06-30T09:37:30","modified_gmt":"2021-06-30T09:37:30","slug":"portada","status":"publish","type":"page","link":"https:\/\/www.aulablog.com\/blog\/encuentrovirtual2021\/","title":{"rendered":"portada"},"content":{"rendered":"[et_pb_section fb_built=\u00bb1&#8243; fullwidth=\u00bbon\u00bb admin_label=\u00bbsection\u00bb _builder_version=\u00bb3.22&#8243; background_color=\u00bb#0c71c3&#8243;][et_pb_fullwidth_header title=\u00bbXVI Encuentro de aulaBLOG (edici\u00f3n virtual)\u00bb subhead=\u00bb2 y 3 de julio de 2021&#8243; text_orientation=\u00bbcenter\u00bb _builder_version=\u00bb3.19.18&#8243; background_color=\u00bbrgba(255, 255, 255, 0)\u00bb max_width_tablet=\u00bb50px\u00bb button_one_text_size__hover_enabled=\u00bboff\u00bb button_two_text_size__hover_enabled=\u00bboff\u00bb button_one_text_color__hover_enabled=\u00bboff\u00bb button_two_text_color__hover_enabled=\u00bboff\u00bb button_one_border_width__hover_enabled=\u00bboff\u00bb button_two_border_width__hover_enabled=\u00bboff\u00bb button_one_border_color__hover_enabled=\u00bboff\u00bb button_two_border_color__hover_enabled=\u00bboff\u00bb button_one_border_radius__hover_enabled=\u00bboff\u00bb button_two_border_radius__hover_enabled=\u00bboff\u00bb button_one_letter_spacing__hover_enabled=\u00bboff\u00bb button_two_letter_spacing__hover_enabled=\u00bboff\u00bb button_one_bg_color__hover_enabled=\u00bboff\u00bb button_two_bg_color__hover_enabled=\u00bboff\u00bb][\/et_pb_fullwidth_header][\/et_pb_section][et_pb_section fb_built=\u00bb1&#8243; admin_label=\u00bbsection\u00bb _builder_version=\u00bb3.22&#8243;][et_pb_row column_structure=\u00bb1_2,1_2&#8243; make_equal=\u00bbon\u00bb _builder_version=\u00bb3.25&#8243;][et_pb_column type=\u00bb1_2&#8243; _builder_version=\u00bb3.25&#8243; custom_padding=\u00bb|||\u00bb custom_padding__hover=\u00bb|||\u00bb][et_pb_text _builder_version=\u00bb3.27.4&#8243; background_size=\u00bbinitial\u00bb background_position=\u00bbtop_left\u00bb background_repeat=\u00bbrepeat\u00bb use_border_color=\u00bboff\u00bb border_color=\u00bb#ffffff\u00bb border_style=\u00bbsolid\u00bb][\/et_pb_text][et_pb_text _builder_version=\u00bb4.9.7&#8243; background_size=\u00bbinitial\u00bb background_position=\u00bbtop_left\u00bb background_repeat=\u00bbrepeat\u00bb hover_enabled=\u00bb0&#8243; use_border_color=\u00bboff\u00bb inline_fonts=\u00bbArimo\u00bb sticky_enabled=\u00bb0&#8243;]<h1 style=\"text-align: center;\"><span style=\"font-weight: 400; color: #000080;\"><strong>\u00a1\u00a1\u00a1Somos docentes!!! <\/strong><\/span><\/h1>\n<h1 style=\"text-align: center;\"><span style=\"font-weight: 400; color: #000080;\"><strong>Ni m\u00e1s ni menos<\/strong><\/span><\/h1>\n<h1><span style=\"font-weight: 400; color: #000080;\"><strong><\/strong><\/span><\/h1>\n<p><a href=\"https:\/\/www.aulablog.com\/blog\/encuentrovirtual2021\/talleres-xiv-encuentro-aulablog\/\"><\/a><\/p>\n<blockquote class=\"wp-block-quote is-layout-flow wp-block-quote-is-layout-flow\"><\/blockquote>\n<p><a href=\"https:\/\/www.aulablog.com\/blog\/encuentrovirtual2021\/talleres-xiv-encuentro-aulablog\/\"> <\/a><\/p>\n<p><a href=\"https:\/\/www.aulablog.com\/blog\/encuentrovirtual2021\/2019\/07\/14\/cronica-del-encuentro\/\" target=\"_blank\" rel=\"noopener noreferrer\"><\/a><\/p>\n<p><!-- more Seguir leyendo este art\u00edculo --><\/p>\n<p dir=\"ltr\" class=\"zfr3Q\">Nuestro encuentro de este a\u00f1o seguir\u00e1 siendo virtual durante los d\u00edas 2 y 3 de julio, en horario de 17:00 a 19:30 el viernes y el s\u00e1bado de 10:00 a 13:30 por la ma\u00f1ana y de 17:00 a 19:00\u00a0 por la tarde.<\/p>\n<p dir=\"ltr\" class=\"zfr3Q\">Estamos preparando el programa, aqu\u00ed ten\u00e9is un avance:<\/p>\n<div jscontroller=\"Ae65rd\" jsaction=\"touchstart:UrsOsc; click:KjsqPd; focusout:QZoaZ; mouseover:y0pDld; mouseout:dq0hvd;fv1Rjc:jbFSOd;CrfLRd:SzACGe;\" class=\"CjVfdc\">\n<div class=\"PPhIP rviiZ\" jsname=\"haAclf\">\n<div role=\"presentation\" class=\"U26fgb mUbCce fKz7Od LRAOtb rm120e\" jscontroller=\"mxS5xe\" jsaction=\"click:cOuCgd; mousedown:UX7yZ; mouseup:lbsD7e; mouseenter:tfO1Yc; mouseleave:JywGue; focus:AHmuwe; blur:O22p3e; contextmenu:mg9Pef;\" jsshadow=\"\" aria-describedby=\"h.dftza5vndik\" aria-label=\"Copiar el v\u00ednculo del t\u00edtulo\" aria-disabled=\"false\" data-tooltip=\"Copiar el v\u00ednculo del t\u00edtulo\" aria-hidden=\"true\" data-tooltip-position=\"top\" data-tooltip-vertical-offset=\"12\" data-tooltip-horizontal-offset=\"0\">\n<div class=\"VTBa7b MbhUzd\" jsname=\"ksKsZd\"><\/div>\n<\/div>\n<\/div>\n<h3>Viernes 2<\/h3>\n<\/div>\n<ul class=\"n8H08c UVNKR\">\n<li dir=\"ltr\" class=\"TYR86d zfr3Q\">\n<p dir=\"ltr\" class=\"zfr3Q\">17:00 a 17:15 Saludos y bienvenida<\/p>\n<\/li>\n<li dir=\"ltr\" class=\"TYR86d zfr3Q\">\n<p dir=\"ltr\" class=\"zfr3Q\"><span>17:15 a 18:00\u00a0 <strong>Ponencia: Ana L\u00f3pez <\/strong><em>Trabajar en equipo para una escuela mejor<\/em><\/span><\/p>\n<\/li>\n<li dir=\"ltr\" class=\"TYR86d zfr3Q\">\n<p dir=\"ltr\" class=\"zfr3Q\">18:00 &#8211; 19:30 <b>Itinerarios<\/b><\/p>\n<ul class=\"n8H08c UVNKR\">\n<li dir=\"ltr\" class=\"TYR86d zfr3Q\">\n<p dir=\"ltr\" class=\"zfr3Q\"><a href=\"https:\/\/www.aulablog.com\/blog\/encuentrovirtual2021\/itinerario-vintage\/\"><strong>Itinerario Vintage<\/strong><\/a>\u00a0 mesa de experiencias<\/p>\n<\/li>\n<li dir=\"ltr\" class=\"TYR86d zfr3Q\">\n<p dir=\"ltr\" class=\"zfr3Q\"><strong>Co-Lab<\/strong>. <strong>Vive tu aventura de cine <\/strong>Un espacio de creaci\u00f3n colaborativo, de construcci\u00f3n y pensamiento. Un itinerario donde lo importante es el camino, la ruta.<br \/>Una apuesta por el proceso.<\/p>\n<\/li>\n<\/ul>\n<\/li>\n<\/ul>\n<h3>S\u00e1bado 3<\/h3>\n<ul class=\"n8H08c UVNKR\">\n<li dir=\"ltr\" class=\"TYR86d zfr3Q\">10:00 a 13:30 <strong>Itinerarios<\/strong><br \/><br \/>\n<ul class=\"n8H08c UVNKR\">\n<li dir=\"ltr\" class=\"TYR86d zfr3Q\">\n<p dir=\"ltr\" class=\"zfr3Q\"><a href=\"https:\/\/www.aulablog.com\/blog\/encuentrovirtual2021\/itinerario-vintage\/\"><strong>Itinerario Vintage<\/strong><\/a>\u00a0 talleres en diferentes salas<\/p>\n<\/li>\n<li dir=\"ltr\" class=\"TYR86d zfr3Q\">\n<p dir=\"ltr\" class=\"zfr3Q\"><strong>Co-Lab<\/strong>. <strong>Vive tu aventura de cine<\/strong><\/p>\n<\/li>\n<\/ul>\n<\/li>\n<\/ul>\n<p>&nbsp;<\/p>\n<ul class=\"n8H08c UVNKR\">\n<li dir=\"ltr\" class=\"TYR86d zfr3Q\">\n<p dir=\"ltr\" class=\"zfr3Q\">17:00 a 18:00 <span><strong>Puesta en com\u00fan itinerarios<\/strong><\/span><\/p>\n<\/li>\n<li dir=\"ltr\" class=\"TYR86d zfr3Q\">\n<p dir=\"ltr\" class=\"zfr3Q\">18:00 a 19:00 <strong>Mesa redonda<\/strong><\/p>\n<ul class=\"n8H08c UVNKR\">\n<li dir=\"ltr\" class=\"TYR86d zfr3Q\">Amparo Moro\u00f1o de la plataforma <a href=\"http:\/\/lacolectivaerrante.org\/\" target=\"_blank\" rel=\"noopener\">La Colectiva Errante<\/a><\/li>\n<li dir=\"ltr\" class=\"TYR86d zfr3Q\">Rosa Llorente y Amparo Jim\u00e9nez Equipo Directivo del <a href=\"https:\/\/ceipramirosolans.catedu.es\/\" target=\"_blank\" rel=\"noopener\">CEIP Ramiro Solans<\/a> (Zaragoza)<\/li>\n<li dir=\"ltr\" class=\"TYR86d zfr3Q\"><a href=\"http:\/\/www.blogsita.com\/montse-poyatos\/\" target=\"_blank\" rel=\"noopener\">Montse Poyatos<\/a> docente del CEIP Francisco de Quevedo (Madrid)<\/li>\n<\/ul>\n<\/li>\n<\/ul>\n<p><span><\/span><\/p>\n<p><span><\/span><\/p>[\/et_pb_text][\/et_pb_column][et_pb_column type=\u00bb1_2&#8243; _builder_version=\u00bb3.25&#8243; custom_padding=\u00bb|||\u00bb custom_padding__hover=\u00bb|||\u00bb][et_pb_image align_tablet=\u00bbcenter\u00bb align_phone=\u00bb\u00bb align_last_edited=\u00bbon|desktop\u00bb _builder_version=\u00bb4.9.7&#8243;][\/et_pb_image][et_pb_text _builder_version=\u00bb4.9.7&#8243; custom_padding=\u00bb|||11px||\u00bb]<p>&nbsp;<\/p>\n<p>&nbsp;<\/p>\n<p>&nbsp;<\/p>\n<p><img loading=\"lazy\" decoding=\"async\" src=\"https:\/\/www.aulablog.com\/blog\/encuentrovirtual2021\/files\/2021\/06\/SOMOSDOCENTES01-copia-212x300.jpg\" width=\"386\" height=\"544\" alt=\"\" class=\"wp-image-1398 alignnone size-medium\" style=\"display: block; margin-left: auto; margin-right: auto;\" \/><\/p>[\/et_pb_text][\/et_pb_column][\/et_pb_row][et_pb_row _builder_version=\u00bb4.9.7&#8243; _module_preset=\u00bbdefault\u00bb][et_pb_column type=\u00bb4_4&#8243; _builder_version=\u00bb4.9.7&#8243; _module_preset=\u00bbdefault\u00bb][et_pb_button button_url=\u00bbhttps:\/\/www.aulablog.com\/blog\/encuentrovirtual2021\/formulario-de-inscripcion\/\u00bb button_text=\u00bbFormulario de inscripci\u00f3n\u00bb button_alignment=\u00bbcenter\u00bb _builder_version=\u00bb4.9.7&#8243; _module_preset=\u00bbdefault\u00bb animation_style=\u00bbfold\u00bb animation_duration=\u00bb1700ms\u00bb box_shadow_style=\u00bbpreset2&#8243;][\/et_pb_button][et_pb_cta button_text=\u00bbNOTA\u00bb _builder_version=\u00bb4.9.7&#8243; _module_preset=\u00bbdefault\u00bb background_color=\u00bb#E09900&#8243;]<h3 style=\"text-align: left;\"><span style=\"color: #3366ff;\">Durante el encuentro vamos a hacer una actividad con la app<\/span> <span style=\"text-decoration: underline;\"><span style=\"color: #000080;\"><strong><a href=\"https:\/\/artsandculture.google.com\/\" target=\"_blank\" rel=\"noopener\" style=\"color: #000080; text-decoration: underline;\">Google Arts&amp;Culture<\/a><\/strong><\/span><\/span>\u00a0 <span style=\"color: #3366ff;\">Desc\u00e1rgatela en tu m\u00f3vil o tableta para tenerla preparada.<\/span><\/h3>\n<ul>\n<li style=\"text-align: left;\">\n<h3><a href=\"https:\/\/apps.apple.com\/app\/arts-culture\/id1050970557\" target=\"_blank\" rel=\"noopener\"><span style=\"text-decoration: underline; color: #000080;\">App Store<\/span><\/a><\/h3>\n<\/li>\n<li style=\"text-align: left;\">\n<h3><span style=\"text-decoration: underline; color: #000080;\"><a href=\"https:\/\/play.google.com\/store\/apps\/details?id=com.google.android.apps.cultural&amp;referrer=utm_source%3Dstella%26utm_medium%3Deditorial-badge\" target=\"_blank\" rel=\"noopener\" style=\"color: #000080; text-decoration: underline;\">Google Play<\/a><\/span><\/h3>\n<\/li>\n<\/ul>[\/et_pb_cta][\/et_pb_column][\/et_pb_row][\/et_pb_section]","protected":false},"excerpt":{"rendered":"<p>\u00a1\u00a1\u00a1Somos docentes!!! Ni m\u00e1s ni menos Nuestro encuentro de este a\u00f1o seguir\u00e1 siendo virtual durante los d\u00edas 2 y 3 de julio, en horario de 17:00 a 19:30 el viernes y el s\u00e1bado de 10:00 a 13:30 por la ma\u00f1ana y de 17:00 a 19:00\u00a0 por la tarde. Estamos preparando el programa, aqu\u00ed ten\u00e9is un [&hellip;]<\/p>\n","protected":false},"author":1,"featured_media":0,"parent":0,"menu_order":0,"comment_status":"open","ping_status":"open","template":"","meta":{"_et_pb_use_builder":"on","_et_pb_old_content":"","_et_gb_content_width":"","footnotes":""},"class_list":["post-37","page","type-page","status-publish","hentry"],"_links":{"self":[{"href":"https:\/\/www.aulablog.com\/blog\/encuentrovirtual2021\/wp-json\/wp\/v2\/pages\/37","targetHints":{"allow":["GET"]}}],"collection":[{"href":"https:\/\/www.aulablog.com\/blog\/encuentrovirtual2021\/wp-json\/wp\/v2\/pages"}],"about":[{"href":"https:\/\/www.aulablog.com\/blog\/encuentrovirtual2021\/wp-json\/wp\/v2\/types\/page"}],"author":[{"embeddable":true,"href":"https:\/\/www.aulablog.com\/blog\/encuentrovirtual2021\/wp-json\/wp\/v2\/users\/1"}],"replies":[{"embeddable":true,"href":"https:\/\/www.aulablog.com\/blog\/encuentrovirtual2021\/wp-json\/wp\/v2\/comments?post=37"}],"version-history":[{"count":10,"href":"https:\/\/www.aulablog.com\/blog\/encuentrovirtual2021\/wp-json\/wp\/v2\/pages\/37\/revisions"}],"predecessor-version":[{"id":1440,"href":"https:\/\/www.aulablog.com\/blog\/encuentrovirtual2021\/wp-json\/wp\/v2\/pages\/37\/revisions\/1440"}],"wp:attachment":[{"href":"https:\/\/www.aulablog.com\/blog\/encuentrovirtual2021\/wp-json\/wp\/v2\/media?parent=37"}],"curies":[{"name":"wp","href":"https:\/\/api.w.org\/{rel}","templated":true}]}}